{"id":52,"date":"2026-03-06T18:23:26","date_gmt":"2026-03-06T18:23:26","guid":{"rendered":"https:\/\/apalis.fr\/encommun\/?page_id=52"},"modified":"2026-03-13T19:16:42","modified_gmt":"2026-03-13T19:16:42","slug":"vos-question-vos-attentes-nos-reponses","status":"publish","type":"page","link":"https:\/\/encommun.ovh\/?page_id=52","title":{"rendered":"Vos questions, vos attentes, nos r\u00e9ponses"},"content":{"rendered":"\n<h2 class=\"wp-block-heading\"><strong>&nbsp;&nbsp;R\u00e9union publique du 11 mars nos r\u00e9ponses aux questions<\/strong><\/h2>\n\n\n\n<p><strong>Partie 1 Solidarit\u00e9 et respect<\/strong><\/p>\n\n\n\n<p><strong>o<\/strong><strong> &nbsp; <\/strong><strong>Avez-vous le projet de cr\u00e9er un lieu pour r\u00e9cup\u00e9rer mon colis afin de ne pas descendre ?<\/strong><\/p>\n\n\n\n<p>Notre liste pr\u00e9voit d\u2019\u00e9tudier la question en relation avec les habitants. Accueillir un \u201clocker d\u2019un transporteur\u201d peut \u00eatre \u00e9tudi\u00e9 si la commune met \u00e0 disposition un emplacement mais la difficult\u00e9 provient du fait qu\u2019il existe plusieurs op\u00e9rateurs avec tous des lockers diff\u00e9rents (Mondial relay, Amazon, Pick up etc\u2026). Une commune peut aussi acheter une consigne municipale et installer son propre syst\u00e8me (multi-transporteurs ou click-and-collect local). Certains professionnels ont d\u00e9j\u00e0 essay\u00e9 mais ont arr\u00eat\u00e9.&nbsp; Il faut comprendre pourquoi pour ne pas se tromper et bien adapter la solution.&nbsp;<\/p>\n\n\n\n<p><strong>o<\/strong><strong> &nbsp; <\/strong><strong>Quel projet pour la salle polyvalente de Saint Pancrasse ( salle du petit Etang)<\/strong><\/p>\n\n\n\n<p>Nous avons le projet d\u2019une r\u00e9novation compl\u00e8te de la salle au niveau thermique et \u00e9nerg\u00e9tique<br>Cette salle sert \u00e0 l\u2019\u00e9cole, c\u2019est le poste de d\u00e9pense le plus \u00e9lev\u00e9 actuellement de tous les b\u00e2timents communaux en raison du manque d\u2019isolation et du syst\u00e8me de chauffage..<br>Le projet pr\u00e9voit de revoir l\u2019isolation, le syst\u00e8me de chauffage avec une boucle d\u2019eau chaude qui pourra \u00eatre \u00e9tendue \u00e0 l\u2019\u00e9cole, une isolation thermique de la toiture.<br>C\u2019est un gros budget que nous avons vot\u00e9 400 000 \u20ac<br>Nous travaillons avec un architecte ma\u00eetre d&rsquo;\u0153uvre et un bureau d\u2019\u00e9tudes thermiques.<br>L\u2019objectif est de finaliser l\u2019\u00e9tude avant projet au plus vite pour d\u00e9marrer les travaux pendant les p\u00e9riodes de vacances (2026-2027), en prenant en compte que c\u2019est un site occup\u00e9 par les activit\u00e9s des \u00e9coliers.<\/p>\n\n\n\n<p><strong>&nbsp;<\/strong><strong>o<\/strong><strong> &nbsp; <\/strong><strong>Combien y a-t-il d\u2019agents municipaux ?<\/strong><\/p>\n\n\n\n<p>40 personnes au total<\/p>\n\n\n\n<p><strong>o<\/strong><strong> &nbsp; <\/strong><strong>Y a-t-il un projet de valorisation du patrimoine et de l\u2019environnement?<\/strong><\/p>\n\n\n\n<p>Le projet ABC chartreuse qui est un inventaire de la faune et de la flore est lanc\u00e9. Ce sera un inventaire participatif avec les habitants et les acteurs du Plateau. Il y a&nbsp; l\u2019id\u00e9e de valoriser tout ce patrimoine dans les \u00e9coles et d\u2019autres projets comme des itin\u00e9raires. Il y a des itin\u00e9raires qui vont \u00eatre d\u00e9velopp\u00e9s dans le cadre du projet des Sanas avec des panneaux travaill\u00e9s avec les associations locales<br>Nous rappelons dans notre liste qu\u2019il existe le budget participatif o\u00f9 les citoyens peuvent d\u00e9poser des id\u00e9es et notre liste sera attentive aux projets contribuant \u00e0 valoriser l\u2019environnement et le patrimoine. Et vous pouvez aussi participer aux commissions ouvertes aux habitants..<\/p>\n\n\n\n<p><strong>o<\/strong><strong> &nbsp; <\/strong><strong>Quelles seront les trajets du minibus ? et que pr\u00e9voyez vous pour augmenter la fr\u00e9quence des bus<\/strong><\/p>\n\n\n\n<p>Nous avons embauch\u00e9 un service civique qui se d\u00e9die \u00e0 temps plein sur les besoins de mobilit\u00e9s pour \u00e9valuer les besoins d\u2019emmener des personnes entre les villages ou dans la vall\u00e9e<br>Nous devons poursuivre le projet qui a commenc\u00e9 avec la commission mobilit\u00e9s, de trouver un fonctionnement optimum.<br>Le CCAS a d\u00e9j\u00e0 identifi\u00e9 les besoins des personnes vuln\u00e9rables<br>Nous partons sur l\u2019id\u00e9e d\u2019un minibus partag\u00e9 pour 2026 et nous sommes en train de regarder dans d\u2019autres communes les solutions qui ont d\u00e9j\u00e0 \u00e9t\u00e9 mises en place en termes de fonctionnement. Nous poursuivrons donc le travail commenc\u00e9 par la commission.<br><br>Les bus et leur fr\u00e9quence comme l\u2019augmenter<br>Les transports en commun sont g\u00e9r\u00e9s par l\u2019autorit\u00e9 organisatrice des transports, le SMMAG, comme \u00e0 Grenoble.<br>Nous avons eu des r\u00e9unions r\u00e9guli\u00e8res pour regarder comment augmenter la fr\u00e9quence<br>Les \u00e9lus de la mairie sont force de proposition et de n\u00e9gociation mais c&rsquo;est le SMMAG qui d\u00e9cide des fr\u00e9quences.<br>Il y a des discussions sur le choix des grands bus et des petits bus. Le march\u00e9 pass\u00e9 par le SMMAG avec les transporteurs est global et porte essentiellement sur des grands bus. En effet, les petits bus co\u00fbtent plus chers en fonctionnement par passager transport\u00e9 ainsi ils n\u2019ont que des grands bus pour les rotations sur l\u2019ensemble du territoire.<br><br>Le bus du midi pour les scolaires<br>Les services de transport ont tol\u00e9r\u00e9 et financ\u00e9 ce bus de midi pendant longtemps. Cela ne d\u00e9pend pas de nous, nous sommes la derni\u00e8re commune dans le Gr\u00e9sivaudan \u00e0 avoir b\u00e9n\u00e9fici\u00e9 de ce transport. Nous n\u2019aurons donc plus de bus pour le midi pour les enfants. Pour pallier l&rsquo;arr\u00eat impos\u00e9 de service, nous avons d\u00e9cid\u00e9 d\u2019am\u00e9nager la salle de l\u2019Arlequin en salle de restaurant scolaire pour accueillir des enfants suppl\u00e9mentaires.<\/p>\n\n\n\n<p><strong>o<\/strong><strong> &nbsp; <\/strong><strong>Y a-t-il un projet de s\u00e9curisation des routes entre Saint Pancrasse et le Col de Marcieu ?<\/strong><\/p>\n\n\n\n<p>Nous avons pour projet d\u2019\u00e9tendre le chaucidou dans les 3 centres bourgs.<br>La difficult\u00e9 r\u00e9side dans le fait que les routes entre les centres bourg ne sont pas de la comp\u00e9tence de la commune mais du d\u00e9partement.<br>La commune a \u00e9t\u00e9&nbsp; force de proposition pour les am\u00e9nagements des centres bourgs. Nous avons organis\u00e9 beaucoup de r\u00e9unions avec le d\u00e9partement mais nous avons du mal \u00e0 nous faire entendre sur l&rsquo;am\u00e9nagement de la RD30 inter village. Notre volont\u00e9 est de pers\u00e9v\u00e9rer au d\u00e9veloppement des mobilit\u00e9s douces et \u00e0 la s\u00e9curisation des routes sur le plateau.<strong><br><\/strong><strong><br><\/strong><\/p>\n\n\n\n<p><strong>o<\/strong><strong> &nbsp; <\/strong><strong>Quelle est la part de la participation financi\u00e8re pour&nbsp; l\u2019association de la station de ski de Saint Hilaire Ag\u2019hil ?<\/strong><\/p>\n\n\n\n<p>29 000 euros provisionn\u00e9s au budget 2026 pour la r\u00e9paration du pyl\u00f4ne 2 du Sauzet. Les agents communaux donnent aussi la main, un soutien indirect. Nous continuerons notre soutien \u00e0 AG\u2019HiL, &nbsp; projet f\u00e9d\u00e9rateur et plein d\u2019 enthousiasme, en prolongeant la convention actuelle entre la commune et AG\u2019hil.&nbsp;<\/p>\n\n\n\n<p>Nous avons \u00e9galement provisionn\u00e9 99 000 \u20ac pour le jour venu \u00eatre en mesure de financer le d\u00e9mant\u00e8lement de la station.<\/p>\n\n\n\n<p><strong>o<\/strong><strong> &nbsp; <\/strong><strong>Le projet de&nbsp; Tremplin Free-style, Pourra t\u2019il \u00eatre utilis\u00e9 en quatre saisons avec une structure&nbsp; gonflable?<\/strong><\/p>\n\n\n\n<p>La commune a \u00e9t\u00e9 interpell\u00e9e par un op\u00e9rateur priv\u00e9, partenaire de la F\u00e9d\u00e9ration Fran\u00e7aise de Ski,&nbsp; qui installerait un tremplin Free-style avec une structure gonflable,&nbsp; d\u00e9montable l\u2019hiver car en partie bois et partie gonflable, pour l&rsquo;entra\u00eenement des sportifs sur les saisons \u201chors neige\u201d. Il est \u00e0 destination d\u2019un public sportif de glisse tels que VTTistes, skieurs, snowboarders, rollers, skateboarders etc\u2026 Un partenariat avec la commune serait mis en place pour que les habitants et notamment les jeunes du Plateau puissent l\u2019utiliser.<\/p>\n\n\n\n<p><strong>o<\/strong><strong> &nbsp; <\/strong><strong>Quelle est la proportion de logements sociaux sur la commune et quels sont les liens que vous avez avec les bailleurs sociaux pour la r\u00e9novation des b\u00e2timents ?&nbsp;<\/strong><\/p>\n\n\n\n<p>Nous avons 35 % de logements sociaux sur la commune. Les Grandes Cit\u00e9s, face \u00e0 la boulangerie \u00e0 Saint-Hilaire va \u00eatre habilit\u00e9, la SDH a demand\u00e9 de les passer en logements sociaux.<br>Nous sommes en lien avec Alpes Is\u00e8re Habitat qui a pr\u00e9vu des gros travaux sur leur r\u00e9seau de chaleur pour les b\u00e2timents du Grand Pr\u00e9 et Pr\u00e9 Lacour, ainsi que la r\u00e9novation \u00e9nerg\u00e9tique des maisons Jacqueti\u00e8res et Rivaux \u00e0 St Pancrasse.<\/p>\n\n\n\n<p><strong>o<\/strong><strong> &nbsp; <\/strong><strong>Que pr\u00e9voyez vous pour que les associations aient acc\u00e8s \u00e0 des salles de r\u00e9union ?<\/strong><\/p>\n\n\n\n<p>La r\u00e9ouverture du Mille Club va permettre de r\u00e9pondre et mettre \u00e0 disposition une salle suppl\u00e9mentaire pour les activit\u00e9s des associations exclusivement.<br>Notre liste est pr\u00eate \u00e0 faire un travail de recensement des besoins pour que les associations disposent des salles de r\u00e9union de fa\u00e7on organis\u00e9e.<\/p>\n\n\n\n<p>o &nbsp; <strong>Avez-vous un projet d\u2019accessibilit\u00e9 de tous \u00e0 une alimentation locale et durable et pourquoi pas qui supprimerait l\u2019aide de la banque alimentaire ?<\/strong><\/p>\n\n\n\n<p>La s\u00e9curit\u00e9 sociale de l\u2019alimentation est une ambition vertueuse, elle permettrait \u00e0 tous et \u00e0 toutes d&rsquo;acc\u00e9der \u00e0 une alimentation de qualit\u00e9 correspondant \u00e0 ses besoins et cela rendrait caduques les banques alimentaires.<br>Il semble que l&rsquo;\u00e9chelle de notre commune ne soit probablement pas la bonne.<br>Le CCAS organise la banque alimentaire (ramasse et distribution) cela a sensibilis\u00e9 ses membres \u00e0 la probl\u00e9matique de la pr\u00e9carit\u00e9 alimentaire. Le programme UMAPUMS (Une Meilleure Alimentation Pour Une Meilleure Sant\u00e9) a \u00e9t\u00e9 mont\u00e9 pour tenter une premi\u00e8re r\u00e9ponse \u00e0 ce probl\u00e8me. Malheureusement le financement de l\u2019ARS ( Agence R\u00e9gionale de Sant\u00e9) s&rsquo;arr\u00eate en juillet. D\u2019ici l\u00e0 une commission ayant pour objet l\u2019acc\u00e8s pour tous \u00e0 une alimentation de qualit\u00e9 sera cr\u00e9\u00e9e. Elle recherchera les solutions les plus adapt\u00e9es \u00e0 notre situation avec toutes les parties prenantes (usagers, CCAS, AMAP,&nbsp; habitants du plateau..) et un plaidoyer sera fait aupr\u00e8s de la gouvernance de la CCLG (communaut\u00e9 de Communes Le Gr\u00e9sivaudan)&nbsp;&nbsp;<\/p>\n\n\n\n<p>o &nbsp; <strong>Avez-vous un projet pour agrandir les deux biblioth\u00e8ques ?<\/strong><\/p>\n\n\n\n<p><br>Le r\u00e9seau des biblioth\u00e8ques du Gr\u00e9sivaudan sont capables d\u2019interagir . Nous pouvons commander et faire venir les livres que nous voulons. Et nous avons, de chaque c\u00f4t\u00e9 des gorges, une biblioth\u00e8que municipale avec des biblioth\u00e9caires d\u00e9vou\u00e9\u2e31es.<\/p>\n\n\n\n<p>&nbsp;&nbsp;&nbsp;&nbsp;&nbsp;&nbsp;&nbsp;Une demande d\u2019agrandissement de la biblioth\u00e8que de Saint Hilaire \u201cLes Yeux Fertiles\u201d sur la partie garage est \u00e0 l\u2019\u00e9tude. Celui-ci&nbsp; est occup\u00e9 par la Coupe Icare et nous regardons une solution compatible pour les deux utilisateurs.&nbsp;<\/p>\n\n\n\n<p><strong>Partie 2<\/strong><\/p>\n\n\n\n<p>o &nbsp; <strong>M\u00e9moire des sanas : quel est le budget ? Et quel est le projet ?<\/strong><\/p>\n\n\n\n<p>Le rendu de l\u2019\u00e9tude a \u00e9t\u00e9 pr\u00e9sent\u00e9 en mars aux membres du comit\u00e9 technique et du comit\u00e9 de pilotage. Elle a \u00e9t\u00e9 mise au budget pour d\u00e9marrer en 2026 et nous communiquerons bien s\u00fbr sur ce sujet.<br>Il est pr\u00e9vu des \u201cHaltes\u201d en gare basse du Funiculaire, dans le village et sur le site des \u00e9tablissements, ainsi que plusieurs sentiers \u201cm\u00e9moire\u201d, dont un adapt\u00e9 pour les personnes \u00e0 mobilit\u00e9 r\u00e9duite, avec des am\u00e9nagements l\u00e9gers pour respecter la nature<\/p>\n\n\n\n<p><strong>o<\/strong><strong> &nbsp; <\/strong><strong>La r\u00e9flexion de votre liste sur les in\u00e9galit\u00e9s\/\u00e9galit\u00e9 d\u2019attraction pour \u00e9quilibrer l\u2019ensemble des trois villages<\/strong><\/p>\n\n\n\n<p>Il y a beaucoup de choses et d\u2019animations qui sont propos\u00e9es, gr\u00e2ce aux associations locales tr\u00e8s actives, dans notre commune. Notre \u00e9quipe actuelle a une vision d\u2019un certain \u00e9quilibre des manifestations entre les villages. Notre liste est pr\u00eate \u00e0 travailler avec les habitants de Saint Pancrasse pour identifier les manquants.<\/p>\n\n\n\n<p>Notre \u00e9quipe a \u00e9t\u00e9 vigilante et restera vigilante \u00e0 ce que les manifestations qu\u2019elle organise, tournent dans les 3 villages (les c\u00e9r\u00e9monies comm\u00e9moratives, le march\u00e9 de No\u00ebl, le forum des associations\u2026)<br><\/p>\n\n\n\n<p><strong>o<\/strong><strong> &nbsp; <\/strong><strong>Quelles commissions pour quelles th\u00e9matiques?<\/strong><strong><br><\/strong><strong><br><\/strong>Les commissions ouvertes sur ce mandat&nbsp; : Mobilit\u00e9, Tourisme, D\u00e9chets, \u00c9conomie locale, Associations, Scolaire, Agriculture, Sports et loisirs, S\u00e9curit\u00e9 routi\u00e8re\u2026 peuvent se r\u00e9unir \u00e0 des fr\u00e9quences diff\u00e9rentes : mensuelles,&nbsp; occasionnelles selon les dossiers et les sujets. D\u2019autres commissions pourront \u00eatre ouvertes par notre liste en fonction des sujets structurants sur le prochain mandat.<\/p>\n\n\n\n<p><strong>Partie 3<\/strong><\/p>\n\n\n\n<p><strong>o<\/strong><strong> &nbsp; <\/strong><strong>Maison m\u00e9dicale<\/strong><\/p>\n\n\n\n<p><strong>o&nbsp; Comment pouvez-vous m\u2019aider \u00e0 repartir sur un nouveau projet alors que les m\u00e9decins quittent la maison m\u00e9dicale o\u00f9 j\u2019ai beaucoup investi<\/strong><\/p>\n\n\n\n<p><strong>o<\/strong><strong>&nbsp; <\/strong><strong>Est-ce que la pharmacie et les soins infirmiers seront int\u00e9gr\u00e9s ?<\/strong><\/p>\n\n\n\n<p>Ce projet n\u2019est pas \u00e0 l\u2019initiative de la commune.&nbsp;<\/p>\n\n\n\n<p>Lors du rachat de la pharmacie, les nouveaux pharmaciens nous ont inform\u00e9s de leur besoin d\u2019un local plus grand. Ce que nous n\u2019avions pas.<\/p>\n\n\n\n<p>En septembre 2025, les m\u00e9decins nous ont \u00e9crit leur intention de quitter leurs locaux actuels et qu\u2019elles voulaient mettre fin \u00e0 leur contrat avec le propri\u00e9taire. Nous avons organis\u00e9 une r\u00e9union pour essayer de trouver une solution entre les parties, ce qui n\u2019a pas \u00e9t\u00e9 trouv\u00e9. Cela mettra donc fin \u00e0 leur contrat \u00e0 date anniversaire fin 2026. Les discussions ont port\u00e9 sur l\u2019id\u00e9e de faire une maison m\u00e9dicale construite par les professionnels de sant\u00e9 avec recherche de terrains priv\u00e9s et communaux visibles de la RD30. Le choix s\u2019est port\u00e9 sur celui de la commune au rond point des pompiers, avec ses contraintes.&nbsp;<br>Le projet pr\u00e9voit de r\u00e9unir les m\u00e9decins, les pharmaciens, les kin\u00e9sith\u00e9rapeutes et une ost\u00e9opathe.<br>Les infirmi\u00e8res souhaitent rester dans le b\u00e2timent qui appartient \u00e0 la commune et dont les travaux r\u00e9cents ont \u00e9t\u00e9 financ\u00e9s par la communaut\u00e9 de communes. L\u2019ADMR est une association, qui cherche \u00e0 maintenir ce service d\u2019aide \u00e0 la population. Le fait de ne pas payer de loyer pour ces locaux neufs leur permet entre autres de continuer \u00e0 \u00eatre au service des habitants.<\/p>\n\n\n\n<p><strong>o<\/strong><strong> &nbsp; <\/strong><strong>Eau potable : Pourquoi la source du Prayer est maintenant chlor\u00e9e?<\/strong><\/p>\n\n\n\n<p>Cette source, comme beaucoup d\u2019autres sur la commune, est trait\u00e9e par un syst\u00e8me d\u2019 UV et lorsque la gestion \u00e9tait faite par la commune nous ajoutions du chlore uniquement lorsque les r\u00e9sultats d&rsquo;analyses le demandaient. Aujourd\u2019hui cette gestion est faite par Veolia et suit la r\u00e8gle de l\u2019ARS ( Agence r\u00e9gionale de sant\u00e9) par mesure de pr\u00e9vention, d\u2019un&nbsp; traitement par chlore d\u00e8s qu\u2019il y\u2019a de fortes pluies.<\/p>\n\n\n\n<p><strong>o<\/strong><strong> &nbsp; <\/strong><strong>Funiculaire o\u00f9 en est le Projet ?<\/strong><\/p>\n\n\n\n<p>Suite \u00e0 la d\u00e9cision du transfert du funiculaire du conseil municipal, prise \u00e0 la suite de la r\u00e9union publique, la CCLG ainsi que les 42 autres communes du Gr\u00e9sivaudan ont accept\u00e9 cette nouvelle comp\u00e9tence car c\u2019est un vrai site d\u2019envergure intercommunale.&nbsp;<\/p>\n\n\n\n<p>Nous nous sommes engag\u00e9s dans un long processus pour donner tous les \u00e9l\u00e9ments comptables afin de d\u00e9finir le montant des charges transf\u00e9r\u00e9es. Apr\u00e8s \u00e9tude, La CLECT (Commission des charges transf\u00e9r\u00e9es) du Gr\u00e9sivaudan a valid\u00e9 le montant d\u2019un solde positif de 180 K\u20ac\/an.<br>Le conseil communautaire de la CCLG du 2 mars dernier a act\u00e9 ce montant qui sera vers\u00e9 \u00e0 la commune de Plateau-des-Petites-Roches tous les ans dans son attribution de compensation, \u00e0 partir du jour du red\u00e9marrage du funiculaire.&nbsp;<\/p>\n\n\n\n<p>La date de r\u00e9ouverture est toujours fix\u00e9e fin 2027-d\u00e9but 2028. Parall\u00e8lement sont men\u00e9s les travaux sur le ruisseau de Montfort par le SYMBHI avec une enqu\u00eate publique loi sur l\u2019eau, les protections pour les risques de chute de blocs et ceux du funiculaire (gare basse, les rails, les cabines\u2026).<\/p>\n\n\n\n<p><strong>o<\/strong><strong> &nbsp; <\/strong><strong>Avez-vous le projet d\u2019enterrer les lignes t\u00e9l\u00e9phoniques et \u00e9lectriques ?<\/strong><\/p>\n\n\n\n<p>Un important chantier est en cours aux Margains pour enterrer l\u2019\u00e9lectricit\u00e9 et les t\u00e9l\u00e9com. Sur l\u2019\u00e9lectricit\u00e9, nous avons des aides en provenance du syndicat d\u2019\u00e9nergie TE38 et pour les Telecoms Orange nous fait payer le co\u00fbt complet sans aides. Le projet dans les Margains co\u00fbte 250 000 \u20ac ce qui repr\u00e9sente une enveloppe cons\u00e9quente.&nbsp;<\/p>\n\n\n\n<p>Enedis va r\u00e9aliser en 2026 le bouclage en ligne souterraine entre Saint-Bernard et Sainte-Marie du Mont pour s\u00e9curiser l&rsquo;alimentation des habitants. Enedis consid\u00e9rant notre situation de territoire de montagne et dans le cadre de leur politique d&rsquo;adaptation au changement climatique, ils vont enfouir les lignes \u00e0 haute tension \u00e0 St Pancrasse et St Hilaire en partie, suite \u00e0 nos sollicitations. Nous allons profiter de ces travaux pour \u00e9tudier la possibilit\u00e9 d\u2019enterrer les lignes basse tension \u00e0 co\u00fbts ma\u00eetris\u00e9s. Ce sont des projets que nous souhaitons poursuivre et qui prennent du temps.<\/p>\n\n\n\n<p><strong>o<\/strong><strong> &nbsp; <\/strong><strong>Pensez-vous que le monast\u00e8re puisse devenir une maison Marguerite ?<\/strong><\/p>\n\n\n\n<p>Le monast\u00e8re est un b\u00e2timent priv\u00e9. Nous avons eu plusieurs rencontres avec les s\u0153urs durant le mandat pour \u00e9voquer les projets possibles. Elles ont effectivement un b\u00e2timent qui serait d\u00e9j\u00e0 adapt\u00e9 pour les personnes \u00e2g\u00e9es. Nous avons le projet de les mettre en relation avec la maison Marguerite ou ce m\u00eame type d\u2019organisme. Il y a eu plusieurs projets qui ont d\u00e9j\u00e0 \u00e9t\u00e9 \u00e9tudi\u00e9s mais le montant de la vente du b\u00e2ti n\u2019a pas permis d\u2019accord. Notre liste pr\u00e9voit de continuer les discussions<\/p>\n\n\n\n<p><strong>o<\/strong><strong> &nbsp; <\/strong><strong>O\u00f9 sera localis\u00e9 la voie verte ?<\/strong><\/p>\n\n\n\n<p>Nous avons d\u00e9j\u00e0 une \u00e9tude r\u00e9alis\u00e9e et nous avons vot\u00e9 un budget pour l\u2019achat de parcelles pour finaliser l\u2019am\u00e9nagement.&nbsp; Le cheminement passera par le Chemin Vieux. Il y aura des am\u00e9nagements en 2026 pour que des pi\u00e9tons et des v\u00e9los puissent passer. En parall\u00e8le, nous souhaitons \u00e9tudier l\u2019extension entre Saint Hilaire et Saint Pancrasse parce que nous n\u2019avons pas d\u2019\u00e0 priori et nous voulons nous donner toutes les opportunit\u00e9s pour r\u00e9aliser le r\u00eave de relier les trois villages par une voie verte.<\/p>\n\n\n\n<p><strong>o &nbsp; Comment la mairie envisage plus de connexion entre les trois \u00e9coles ?<\/strong><\/p>\n\n\n\n<p>Le fonctionnement strictement scolaire n\u2019est pas du ressort de la municipalit\u00e9. Ce sont les \u00e9quipes enseignantes qui choisissent leur mode de fonctionnement. Il y a quelques invitations comme l\u2019\u00e9cole maternelle des Gandins invitant les maternelles de St Pancrasse pour assister \u00e0 un spectacle.<br>L\u00e0 o\u00f9 la mairie peut agir, c\u2019est sur le temps des enfants : p\u00e9riscolaire, extrascolaire, action ado, chantiers jeunes&#8230; Le PEDT (Projet Educatif De Territoire) est un outil qui incite tous les acteurs de l\u2019enfance et la jeunesse \u00e0 interagir. Les \u00e9coles y ont toute leur part et les liens entre l\u2019ensemble de ces structures sont encourag\u00e9s. De m\u00eame, et par le biais du PEDT ou d\u2019autres dispositifs, les nombreuses compagnies du plateau profitent souvent de r\u00e9sidences dans les locaux de nos \u00e9coles en \u00e9change d\u2019intervention aupr\u00e8s de nos enfants.<\/p>\n\n\n\n<p>o &nbsp; <strong>Qu\u2019est-ce qui est envisag\u00e9 pour l\u2019installation ou l\u2019agrandissement des entreprises ?<\/strong><\/p>\n\n\n\n<p>La seule zone sur le plateau identifi\u00e9e pour accueillir des entreprises dans les 3 PLU est la ZAE (Zone d\u2019Activit\u00e9s Economiques) de St Bernard&nbsp; inscrite \u00e0 son PLU depuis 2013. La commune a relanc\u00e9 la CCLG en d\u00e9but de mandat pour r\u00e9pondre \u00e0 la demande de plusieurs nouvelles entreprises qui se sont install\u00e9es sur le plateau. Nous avons&nbsp; r\u00e9\u00e9tudi\u00e9 avec la CCLG la faisabilit\u00e9 pour ouvrir et \u00e9quiper cette zone puisqu\u2019elle est comp\u00e9tente et ma\u00eetre d\u2019ouvrage.<\/p>\n\n\n\n<p>La CCLGr\u00e9sivaudan et plusieurs entreprises du Plateau ont \u00e9t\u00e9 rencontr\u00e9es pour valider leur int\u00e9r\u00eat, la derni\u00e8re en juillet 2025. Il y a 4 lots disponibles.&nbsp;<\/p>\n\n\n\n<p>La commune a propos\u00e9 son aide \u00e0 plusieurs entreprises du plateau suite \u00e0 leur sollicitation: mise en relation et n\u00e9gociation avec le d\u00e9partement pour un emplacement de bennes de recyclage, privil\u00e9gier les entreprises locales dans les travaux tout en respectant bien s\u00fbr, le cadre l\u00e9gal des march\u00e9s publics etc\u2026<\/p>\n\n\n\n<p>o&nbsp; <strong>&nbsp;<\/strong><strong>Cr\u00e9ation des logements senior : commission ? Quelles sont vos id\u00e9es ?<\/strong><\/p>\n\n\n\n<p>Deux questions se posent:&nbsp;<\/p>\n\n\n\n<ul class=\"wp-block-list\">\n<li>O\u00f9? Est ce que cela peut \u00eatre un projet pour le village de St Pancrasse ou favoriser le monast\u00e8re de St Bernard?<\/li>\n\n\n\n<li>Quel type d\u2019op\u00e9rateurs? Maison Marguerite ou Maison des Babayagas, quels logements pour quels seniors? m\u00e9dicalis\u00e9s ou pas?<\/li>\n<\/ul>\n\n\n\n<p>Beaucoup de questions, il y\u2019a un vrai travail de concertation avec vous \u00e0 mener, l\u2019outil&nbsp; &nbsp; &nbsp; commission est nous para\u00eet il la meilleure solution.<\/p>\n\n\n\n<p>o &nbsp; <strong>Que pensez-vous de la surtaxe des r\u00e9sidences secondaires ?<\/strong><\/p>\n\n\n\n<p>Une mairie peut taxer les r\u00e9sidences secondaires via la taxe d\u2019habitation. Mais il existe une diff\u00e9rence entre r\u00e9sidence secondaire et logement vacant. Pour l\u2019administration fiscale, un logement est g\u00e9n\u00e9ralement consid\u00e9r\u00e9 comme vacant s\u2019il est inoccup\u00e9 depuis au moins un an. Une r\u00e9sidence secondaire est un logement utilis\u00e9 occasionnellement, mais pas comme r\u00e9sidence principale. Ces deux cat\u00e9gories sont int\u00e9ressantes \u00e0 \u00e9tudier pour la commune car elle peut appliquer des taxes diff\u00e9rentes pour lutter contre le manque de logements. Il existe donc une possibilit\u00e9 de taxer les logements vacants afin d\u2019inciter les propri\u00e9taires \u00e0 les vendre ou \u00e0 les r\u00e9nover. Le produit de cette taxe serait inscrit au budget de la commune.<\/p>\n\n\n\n<p>&nbsp; &nbsp; &nbsp; o&nbsp; <strong>&nbsp;<\/strong><strong>Bilan de votre mandat : qu\u2019est-ce que vous avez fait de mieux ? Et qu\u2019auriez pu faire autrement ?&nbsp; Qu\u2019est-ce que vous avez gard\u00e9 comme enseignement pour votre prochain mandat ?<\/strong><\/p>\n\n\n\n<p><br><strong>Les avanc\u00e9es d\u00e9mocratiques sont un sujet de satisfaction&nbsp;<\/strong><\/p>\n\n\n\n<ul class=\"wp-block-list\">\n<li>accueil de la minorit\u00e9 au-del\u00e0 des exigences de la loi en proposant d\u2019int\u00e9grer notre gouvernance -poste \u00e0 responsabilit\u00e9 et indemnit\u00e9s, bureau municipal ouvert \u00e0 TOUS les \u00e9lus\u2026<\/li>\n\n\n\n<li>Suspensions du conseil municipal pour permettre l\u2019expression du public malgr\u00e9 le fait que la loi dispose que, pendant le conseil, seuls les conseillers ont voix au chapitre<\/li>\n\n\n\n<li>Presque toutes les commissions municipales transform\u00e9es en extra-municipales ( c\u2019est \u00e0 dire int\u00e9grant des citoyens non \u00e9lus)<\/li>\n\n\n\n<li>D\u00e9marche d\u00e9mocratique sur l\u2019avenir de la station de ski<\/li>\n\n\n\n<li>Forum des mobilit\u00e9s<\/li>\n\n\n\n<li>Conseil municipal des enfants<\/li>\n\n\n\n<li>Budget participatif<\/li>\n<\/ul>\n\n\n\n<p>Il reste \u00e9videmment des maladresses, des oublis de consulter ou d\u2019informer les parties prenantes. C\u2019est une source de d\u00e9ception pour nous et pour les citoyens. La piste d\u2019am\u00e9lioration sera de trouver une syst\u00e9matique pour \u00e9viter ces maladresses<\/p>\n\n\n\n<p>&nbsp;<strong>Les r\u00e9alisations concr\u00e8tes dans une enveloppe budg\u00e9taire ma\u00eetris\u00e9e <\/strong>sont aussi un point positif : r\u00e9novation de l\u2019\u00e9cole thermique et phonique des Gaudes, agrandissement de la mairie pour accueillir tous les services, mise hors d\u2019eau hors d\u2019air de la cure, mise aux normes et isolation ( \u00e0 1\u20ac) de b\u00e2timents communaux&nbsp; (logement et autres) \u2026 Mais il reste \u00e0 terminer tout ce travail d\u2019isolation, de r\u00e9novation des nombreux biens de la commune&nbsp;<\/p>\n\n\n\n<ul class=\"wp-block-list\">\n<li>La \u201cbataille\u201d pour transf\u00e9rer dans les meilleures conditions financi\u00e8res le funiculaire a \u00e9t\u00e9 difficile mais r\u00e9ussie avec un transfert des charges de 180 000\u20ac tous les ans qui sera revers\u00e9 \u00e0 la mairie au red\u00e9marrage du funiculaire.<\/li>\n<\/ul>\n\n\n\n<p><strong>&nbsp;Ambiance apais\u00e9e entre les \u00e9coles et les services -techniques et p\u00e9riscolaires-<\/strong><\/p>\n\n\n\n<p>La pr\u00e9sence d\u2019un coordinateur du p\u00e9riscolaire, le sens du service de nos agents et les formations qu&rsquo;ils ont re\u00e7ues se sont ligu\u00e9s avec la bonne volont\u00e9 des \u00e9quipes enseignantes pour avoir \u00e0 pr\u00e9sent une ambiance sereine o\u00f9 les d\u00e9saccords sont g\u00e9r\u00e9s sans d\u00e9g\u00e9n\u00e9rer en conflits.<\/p>\n\n\n\n<p>On peut toujours se dire qu\u2019on aurait d\u00fb faire mieux ! Ce sera toujours un sujet n\u00e9cessitant une attention quotidienne, on ne peut pas imaginer un long fleuve tranquille quand on touche \u00e0 l\u2019humain et au sujet sensible de nos enfants.<\/p>\n\n\n\n<p>o &nbsp; <strong>Quel est votre niveau de r\u00e9flexion sur le plateau terre d\u2019accueil ?&nbsp;<\/strong><\/p>\n\n\n\n<p>Avant 2019, les communes historiques ont vot\u00e9 toutes les 3 le m\u00eame document formalisant le choix d&rsquo;\u00eatre communes d\u2019accueil en mettant \u00e0 disposition des logements d\u2019urgence. Depuis la commune nouvelle, gr\u00e2ce \u00e0 l\u2019aide concr\u00e8te apport\u00e9e par l&rsquo;association \u201c Un toit sur un plateau\u201d, la commune assume ses engagements sans faiblir en r\u00e9servant 2 logements communaux \u00e0 cette association, \u00e0 titre gratuit ..&nbsp;<\/p>\n\n\n\n<p>o &nbsp; &nbsp;<strong>Cr\u00e9ation d\u2019un mur d\u2019escalade : qui sera mon interlocuteur?<\/strong><\/p>\n\n\n\n<p>&nbsp;&nbsp;&nbsp;&nbsp;&nbsp;&nbsp;Avec Dominique Clouzeau, qui a l\u2019historique des \u00e9changes sur ce dernier mandat, le futur r\u00e9f\u00e9rent aux sports et loisirs et le futur interlocuteur le Vice-Pr\u00e9sident aux sports de la CCLG.<\/p>\n\n\n\n<p>o &nbsp; <strong>&nbsp;Est Il envisageable de regrouper les enfants par niveau entre les \u00e9coles \u00e0 St Hilaire et \u00e0 St Pancrasse?<\/strong><\/p>\n\n\n\n<p>Cette question sera probablement un des points discut\u00e9s lors du travail d\u00e9mocratique sur nos \u00e9coles avec la solution approche centr\u00e9e solution propos\u00e9e par Agn\u00e8s.&nbsp;<\/p>\n\n\n\n<p>o &nbsp; <strong>Projet Lyon Turin quelle est la position de votre liste ? <\/strong>&nbsp;<\/p>\n\n\n\n<p>Les membres de notre liste ne sont pas tous inform\u00e9s de la m\u00eame fa\u00e7on, une position unanime n\u2019est donc pas possible actuellement. Un travail de partage d\u2019information sera fait. Mais, comme le projet de seconde ligne Lyon Turin ne sera pas soumis \u00e0 l\u2019appr\u00e9ciation des communes, il ne nous est pas indispensable de nous accorder imm\u00e9diatement sur le sujet. Les prises de positions et les actions de nos colistier\u2e31es existent, elle sont prises \u00e0 titre personnel.<\/p>\n\n\n\n<h2 class=\"wp-block-heading\">Porte \u00e0 Porte- R\u00e9ponses \u00e0 vos questions<\/h2>\n\n\n\n<p><strong>Question 1.<\/strong><\/p>\n\n\n\n<p>&#8211; \u00ab\u00a0<em>Qu\u2019est-ce que vous allez mettre \u00e0 la place de la sup\u00e9rette de Saint-Hilaire ?<\/em><\/p>\n\n\n\n<p><em>il faut vraiment garder une sup\u00e9rette, une sup\u00e9rette pas ch\u00e8re.<\/em>\u00ab\u00a0<\/p>\n\n\n\n<p>Les \u00e9lus de la commune ont pris contact avec Casino \u00e0 plusieurs reprises sans r\u00e9ponse de leur part. Le loyer des locaux est pay\u00e9 par Casino au propri\u00e9taire priv\u00e9 pour encore un an.<\/p>\n\n\n\n<p>Nous avons inform\u00e9 et interpell\u00e9 la CCLG pour nous aider le moment venu \u00e0 trouver une autre enseigne rempla\u00e7ante.<\/p>\n\n\n\n<p>Nous prospectons pour \u00e9tudier d\u2019autres formules si aucune enseigne ne veut s\u2019installer sur le Plateau: un commerce en libre service dans le local communal de l\u2019ancienne coiffeuse, ou encore une \u00e9picerie solidaire.<\/p>\n\n\n\n<p><strong>Question 2.<\/strong><\/p>\n\n\n\n<p>&#8211; <em>Pourquoi voulez-vous d\u00e9placer le centre m\u00e9dical ? Pourquoi voulez-vous d\u00e9penser des sous pour cr\u00e9er un centre m\u00e9dical ?<\/em><\/p>\n\n\n\n<p>Cette d\u00e9cision de d\u00e9placer et cr\u00e9er un centre m\u00e9dical n\u2019est pas de notre initiative, mais celle des m\u00e9decins qui ont mis fin \u00e0 leur contrat de location avec le propri\u00e9taire actuel pour des raisons professionnelles et veulent construire avec leurs propres moyens cette maison m\u00e9dicale pour accueillir \u00e9galement les pharmaciens et les kin\u00e9s.<\/p>\n\n\n\n<p>A l&rsquo;initiative de la mairie, une r\u00e9union a \u00e9t\u00e9 organis\u00e9e avec l\u2019ensemble des acteurs pour faire le m\u00e9diateur et prolonger le bail encore pour 3 ans, sans succ\u00e8s. La mairie a cherch\u00e9 plusieurs terrains municipaux pour aider ce projet. Notre pr\u00e9occupation et devoir est d\u2019assurer le soutien et le maintien de l\u2019ensemble des services de sant\u00e9, vital pour les habitants du plateau.<\/p>\n\n\n\n<p><strong>Question 3.<\/strong><\/p>\n\n\n\n<p>&#8211; <em>Les voitures roulent trop vite. Quels am\u00e9nagements allez-vous faire ?<\/em><\/p>\n\n\n\n<p>Toutes nos propositions d\u2019am\u00e9nagement doivent \u00eatre \u00e9tudi\u00e9es et valid\u00e9es avec les services du D\u00e9partement de l\u2019Is\u00e8re et le SMAGG. elles sont adapt\u00e9es selon la largeur de la route, la pente, le nombre de voitures\u2026 avec les commissions s\u00e9curit\u00e9 routi\u00e8re et mobilit\u00e9s et les riverains.<\/p>\n\n\n\n<p><strong>Question 4.<\/strong><\/p>\n\n\n\n<p><em>&#8211; Un couple peut-il se pr\u00e9senter sur une m\u00eame liste?<\/em><\/p>\n\n\n\n<p>L&rsquo;article L. 238 du code \u00e9lectoral pr\u00e9cise que \u201cle nombre d&rsquo;ascendants et descendants en ligne directe (p\u00e8re, m\u00e8re, (arri\u00e8re) grand-p\u00e8re, (arri\u00e8re) grand-m\u00e8re, fils, fille, (arri\u00e8re) petit-fils, (arri\u00e8re) petite-fille), fr\u00e8res et s\u0153urs qui peuvent \u00eatre simultan\u00e9ment membres du m\u00eame conseil municipal est limit\u00e9 \u00e0 deux dans les communes de plus de 500 habitants.Cet article ne vise que les ascendants et les descendants en ligne directe et les fr\u00e8res et s\u0153urs, <strong>aussi rien n&rsquo;interdit \u00e0 deux conjoints d&rsquo;\u00eatre simultan\u00e9ment membres du m\u00eame conseil municipal<\/strong><\/p>\n\n\n\n<p><strong>Question 5.<\/strong><\/p>\n\n\n\n<p><em>-Comment vous assurez-vous que les \u00e9lus ne s\u2019engagent pas dans l\u2019int\u00e9r\u00eat priv\u00e9?<\/em><\/p>\n\n\n\n<p>Tous les conseillers municipaux s\u2019engagent \u00e0 signer la CHARTE DE L&rsquo;\u00c9LU LOCAL (Association des Maires de France) en d\u00e9but de mandat, comme en 2020:<\/p>\n\n\n\n<ol class=\"wp-block-list\">\n<li><strong>L&rsquo;\u00e9lu local exerce ses fonctions avec impartialit\u00e9, diligence, dignit\u00e9, probit\u00e9 et int\u00e9grit\u00e9.<\/strong><\/li>\n\n\n\n<li>Dans l&rsquo;exercice de son mandat, <strong>l&rsquo;\u00e9lu local poursuit le seul int\u00e9r\u00eat g\u00e9n\u00e9ral, \u00e0 l&rsquo;exclusion de tout int\u00e9r\u00eat qui lui soit personnel, directement ou indirectement, ou de tout autre int\u00e9r\u00eat particulier.<\/strong><\/li>\n\n\n\n<li><strong>L&rsquo;\u00e9lu local veille \u00e0 pr\u00e9venir ou \u00e0 faire cesser imm\u00e9diatement tout conflit d&rsquo;int\u00e9r\u00eats. Lorsque ses int\u00e9r\u00eats personnels sont en cause dans les affaires soumises \u00e0 l&rsquo;organe d\u00e9lib\u00e9rant dont il est membre, l&rsquo;\u00e9lu local s&rsquo;engage \u00e0 les faire conna\u00eetre avant le d\u00e9bat et le vote.<\/strong><\/li>\n\n\n\n<li>L&rsquo;\u00e9lu local s&rsquo;engage \u00e0 ne pas utiliser les ressources et les moyens mis \u00e0 sa disposition pour l&rsquo;exercice de son mandat ou de ses fonctions \u00e0 d&rsquo;autres fins.<\/li>\n\n\n\n<li><strong>Dans l&rsquo;exercice de ses fonctions, l&rsquo;\u00e9lu local s&rsquo;abstient de prendre des mesures lui accordant un avantage personnel ou professionnel futur apr\u00e8s la cessation de son mandat et de ses fonctions.<\/strong><\/li>\n\n\n\n<li>L&rsquo;\u00e9lu local participe avec assiduit\u00e9 aux r\u00e9unions de l&rsquo;organe d\u00e9lib\u00e9rant et des instances au sein desquelles il a \u00e9t\u00e9 d\u00e9sign\u00e9.<\/li>\n\n\n\n<li>Issu du suffrage universel, l&rsquo;\u00e9lu local est et reste responsable de ses actes pour la dur\u00e9e de son mandat devant l&rsquo;ensemble des citoyens de la collectivit\u00e9 territoriale, \u00e0 qui il rend compte des actes et d\u00e9cisions pris dans le cadre de ses fonctions.<\/li>\n\n\n\n<li>Dans le cas o\u00f9 l\u2019\u00e9lu local n\u2019exerce plus ses fonctions, par choix ou par obligation, celui-ci s\u2019engage \u00e0 donner sa d\u00e9mission, afin de permettre \u00e0 l\u2019\u00e9lu suivant sur la liste de prendre sa place.<\/li>\n<\/ol>\n\n\n\n<p><strong>Question 6.<\/strong><\/p>\n\n\n\n<p><em>Quelle est votre position sur l\u2019interdiction d\u2019acc\u00e8s au site d&rsquo;escalade du Belv\u00e9d\u00e8re de Luce (en dessous du d\u00e9co sud), par arr\u00eat\u00e9 municipal c\u00f4t\u00e9 Lumbin?<\/em><\/p>\n\n\n\n<p>Les communes de Lumbin et de Plateau-des-Petites-Roches ont pris des arr\u00eat\u00e9s municipaux conjointement, de fermeture du chemin du Pal de fer, \u00e0 la demande de la pr\u00e9fecture, suite \u00e0 la catastrophe du 29 d\u00e9cembre 2021 et aux \u00e9tudes r\u00e9alis\u00e9es. Ils sont toujours en vigueur.<\/p>\n\n\n\n<p>Lors de la derni\u00e8re r\u00e9union du 02 mars 2026 sur les travaux du Funiculaire, \u00e0 la CCLG, Mme le maire a parl\u00e9 de cette interdiction et s\u2019est assur\u00e9e que les futurs travaux \u201cchute de blocs\u201d int\u00e8gre le chemin. Tant que les travaux de s\u00e9curisation ne sont pas r\u00e9alis\u00e9s (fin 2026-2027), le chemin reste ferm\u00e9, m\u00eame pour aller au site d&rsquo;escalade. C&rsquo;est sous la responsabilit\u00e9 des maires.<\/p>\n\n\n\n<p><strong>Question 7.<\/strong><\/p>\n\n\n\n<p><em>Comment rendre transparente la gestion financi\u00e8re de la mairie : d\u00e9penses, recettes, d\u00e9ficit ?<\/em><\/p>\n\n\n\n<p>Une commission des finances, ouverte \u00e0 tous les \u00e9lus volontaires, se r\u00e9unit plusieurs fois par an. D\u00e9but f\u00e9vrier, il est demand\u00e9 \u00e0 chaque \u00e9lu, en charge d\u2019un sujet sp\u00e9cifique, de pr\u00e9parer des fiches d\u2019investissement d\u00e9taillant les d\u00e9penses pr\u00e9vues pour l\u2019ann\u00e9e.<\/p>\n\n\n\n<p>Fin f\u00e9vrier, ces fiches d\u2019investissement sont pr\u00e9sent\u00e9es \u00e0 l\u2019ensemble des \u00e9lus lors d\u2019une r\u00e9union de travail.<\/p>\n\n\n\n<p>Les communes de moins de 3 500 habitants sont dispens\u00e9es de l\u2019obligation l\u00e9gale de tenir un D\u00e9bat d\u2019Orientations Budg\u00e9taires (DOB). Cependant, conform\u00e9ment \u00e0 notre r\u00e8glement int\u00e9rieur, nous organisons un DOB au cours duquel nous d\u00e9battons et faisons des choix. Une d\u00e9lib\u00e9ration acte ensuite que le d\u00e9bat a bien eu lieu, g\u00e9n\u00e9ralement lors du conseil municipal de d\u00e9but mars.<\/p>\n\n\n\n<p>Le budget est ensuite vot\u00e9 d\u00e9but avril.<\/p>\n\n\n\n<p>Tous les conseils municipaux sont publics et leurs comptes rendus sont disponibles sur le site de la commune, \u00e0 la rubrique \u00ab Citoyens-\u00c9lus \u00bb, sous l\u2019onglet \u00ab Comptes rendus des conseils municipaux \u00bb, via le lien suivant :<br><a href=\"https:\/\/www.petites-roches.org\/citoyens-elus\/comptes-rendus\/\" target=\"_blank\" rel=\"noreferrer noopener\">https:\/\/www.petites-roches.org\/citoyens-elus\/comptes-rendus\/<\/a><\/p>\n\n\n\n<p><strong>Question 8<\/strong><\/p>\n\n\n\n<p><em>Une asso n\u2019aime pas l\u2019id\u00e9e de migrer \u00e0 la cure, en hiver l\u2019acc\u00e8s est trop raide, le mille club serait mieux<\/em>. <\/p>\n\n\n\n<p>On est d\u2019accord que les associations iront en priorit\u00e9 dans le Mille Club, en fonction des demandes et des disponibilit\u00e9s.<\/p>\n\n\n\n<p><strong>Question 9<\/strong><\/p>\n\n\n\n<p><em>Les livraisons de l\u2019AMAP salle Degueurce se font en dehors des horaires pr\u00e9vus (d\u00e8s 14h pour certaines) ce qui d\u00e9range en plus d&rsquo;une salle encombr\u00e9e de paniers l\u00e9gumes, oeufs<\/em> <\/p>\n\n\n\n<p>Avec la r\u00e9ouverture du Mille Club, cela va permettre un autre lieu pour les assos.<\/p>\n\n\n\n<p><strong>Question 10<\/strong><\/p>\n\n\n\n<p><em>Sur certains sujets, il faut se battre pour obtenir des r\u00e9ponses de la mairie ou simplement qu\u2019une demande individuelle d\u2019habitant soit consid\u00e9r\u00e9e<\/em><\/p>\n\n\n\n<p>Mise en place d\u2019un circuit pour toutes demandes depuis 2 ans et demi avec notre nouvelle directrice des services:<\/p>\n\n\n\n<ul class=\"wp-block-list\">\n<li>mail \u00e0 <a href=\"mailto:mairie@petites-roches.org\"><u>mairie@petites-roches.org<\/u><\/a> pour enregistrement et r\u00e9ponse d\u2019accus\u00e9 r\u00e9ception<\/li>\n\n\n\n<li>transmission \u00e0 ou aux agents, \u00e0 ou aux \u00e9lus, concern\u00e9es pour \u00e9tudier la demande, le plus souvent en commission ou bureau municipal si n\u00e9cessaire.<\/li>\n\n\n\n<li>mise en place de r\u00e8glements ou de conventions afin de permettre \u00e0 l\u2019accueil de r\u00e9pondre rapidement quand c\u2019est possible.<\/li>\n<\/ul>\n\n\n\n<p><strong>Question 11. <\/strong><\/p>\n\n\n\n<p><em>Comment la mairie peut limiter les maisons achet\u00e9es pour louer en airbnb.<\/em><\/p>\n\n\n\n<p>Les possibilit\u00e9s d&rsquo;actions pour les communes sont tr\u00e8s limit\u00e9es.<\/p>\n\n\n\n<p>L\u2019acceptation des habitats l\u00e9gers sur la commune par la modification des PLU est limit\u00e9e \u00e0 l\u2019occupation en r\u00e9sidences principales (habit\u00e9es au moins 8 mois\/an)<\/p>\n\n\n\n<p><strong>Question 1<\/strong>2.<\/p>\n\n\n\n<p><em>Quel lieu pour les campings cars et pour \u00e9viter les campings sauvages ?<\/em><\/p>\n\n\n\n<p>Un lieu est identifi\u00e9 \u00e0 c\u00f4t\u00e9 du camping et est en cours d\u2019acquisition ; le plan d\u2019am\u00e9nagement est r\u00e9alis\u00e9 et chiffr\u00e9 pour y cr\u00e9er une aire de camping-cars.<\/p>\n\n\n\n<p><strong>Question 1<\/strong>3.<\/p>\n\n\n\n<p><em>Comment la mairie communique sur les sondages qu&rsquo;elle lance aupr\u00e8s des habitants ( cas du chaucidou) ?<\/em><\/p>\n\n\n\n<p>Le plus souvent dans les journaux municipaux trimestriels, qui sont distribu\u00e9s dans chaque foyer. Celui du Chaucidou a \u00e9t\u00e9 diffus\u00e9 \u00e0 la page 8 du journal municipal n\u00b027 (octobre, novembre et d\u00e9cembre 2025).<\/p>\n\n\n\n<p><strong>Question 14. <\/strong><\/p>\n\n\n\n<p><em>Comment fonctionne la d\u00e9chetterie mobile ?<\/em><\/p>\n\n\n\n<p>Depuis 2019, la CCLG a mis en place une d\u00e9chetterie mobile avec ses agents du service d\u00e9chets. Des permanences sont planifi\u00e9es hors p\u00e9riode hivernale pour les habitants des communes de montagne afin de favoriser le tri et la revalorisation des d\u00e9chets. Un camion adapt\u00e9 est install\u00e9 sur le parking devant la salle hors-sac, au pied des pistes de Saint-Hilaire. Les dates et les horaires sont publi\u00e9s dans la newsletter et les journaux municipaux. Il faut se munir de la carte d\u00e9chetterie, \u00e0 demander \u00e0 la CCLG.<\/p>\n\n\n\n<p>Le planning 2026 est dans la newsletter et le site de la commune depuis le vendredi 6 mars , rubrique \u00ab\u00a0infos comcom\u00a0\u00bb<\/p>\n\n\n\n<p><strong>Question 15. <\/strong>&nbsp;<em>Comment la commune envisage le nettoyage des chemins et des for\u00eats ?<\/em><\/p>\n\n\n\n<p>Il faut diff\u00e9rencier chemins d\u2019exploitation et communaux, bien que les deux soient utilis\u00e9s par le public souvent sans distinction. Dans le cas des chemins communaux, la collectivit\u00e9 peut se charger de l\u2019entretien. La CCLG finance un entretien annuel de certains chemins. Des actions ont \u00e9t\u00e9 men\u00e9es avec les chantiers jeunes pour effectuer des entretiens sur certains autres tron\u00e7ons. Un autre usage qui maintient l\u2019ouverture des chemins est l\u2019activit\u00e9 agricole ainsi que l\u2019exploitation des for\u00eats ; maintenir et d\u00e9velopper ces deux activit\u00e9s est donc b\u00e9n\u00e9fique pour la circulation dans les zones agricoles et foresti\u00e8res.<\/p>\n\n\n\n<p>.<strong>Question 16. <\/strong><\/p>\n\n\n\n<p><em>\u00ab\u00a0Une maman\u00a0\u00bb garde un mauvais souvenir&nbsp;de l&rsquo;annonce tardive lors de la rentr\u00e9e de la fermeture des Loupiots une semaine sur deux, et sans consultation des parents<\/em>.<\/p>\n\n\n\n<p>Le travail sur les loupiots a \u00e9t\u00e9 fait en plusieurs \u00e9tapes avec des questionnaires envoy\u00e9s aux familles. L\u2019explication n\u2019a pas \u00e9t\u00e9 donn\u00e9e assez t\u00f4t, certaines familles en ont \u00e9t\u00e9 surprises et ont vu leur quotidien boulevers\u00e9. Nous avons relanc\u00e9 ce travail ; s\u2019il reste indispensable de ne pas ouvrir les loupiots toutes les semaines des petites vacances, le travail en cours permettra de choisir les semaines d\u2019ouvertures les plus utiles et d\u2019informer les familles suffisamment \u00e0 l\u2019avance.<\/p>\n\n\n\n<p><strong>Question 17. <\/strong><\/p>\n\n\n\n<p><em>La mairie peux-elle installer des petits toits aux poteaux de bus pour ne pas \u00eatre totalement \u00e0 la pluie, notamment les \u00e9l\u00e8ves le matin ?<\/em><\/p>\n\n\n\n<p>Le SMMAG d\u00e9cide de l\u2019utilit\u00e9 de poser un abri-bus en fonction du nombre de passagers \u00e0 cet endroit. Les abris pour les scolaires peuvent \u00eatre pos\u00e9s par la commune, mais seulement si la parcelle en question lui appartient. Nous devrons revenir sur ce sujet pour \u00eatre s\u00fbrs de ne rater aucune opportunit\u00e9 d\u2019installation d\u2019abri-bus.&nbsp;<\/p>\n\n\n\n<p><strong>Question 18. <\/strong><\/p>\n\n\n\n<p><em>Pourquoi est-ce que le chauffage de l\u2019\u00e9glise ne fonctionne pas ?<\/em><\/p>\n\n\n\n<p>La coupure de chauffage dans l\u2019\u00e9glise de Saint-Hilaire est due au fait que le chauffage n\u2019est plus aux normes et qu\u2019il est dangereux. La s\u00e9curit\u00e9 prime.<\/p>\n\n\n\n<p><strong>Question 19. <\/strong><\/p>\n\n\n\n<p>P<em>ourrait-on garder l\u2019acc\u00e8s publique aux Dioux par le chemin principal pendant la coupe Icare ?<\/em><\/p>\n\n\n\n<p>\u00c0 voir la faisabilit\u00e9 en concertation avec l\u2019association Coupe Icare.<\/p>\n\n\n\n<p><strong>Question 20. <\/strong><\/p>\n\n\n\n<p><em>Pourquoi ne pas r\u00e9fl\u00e9chir \u00e0 quelques cam\u00e9ras sur le Plateau, sans \u00eatre dans l\u2019exc\u00e8s mais au moins \u00e0 l\u2019entr\u00e9e\/sortie des villages, pour dissuader les incivilit\u00e9s et les cambriolages. Pourriez vous faire un r\u00e9f\u00e9rendum&nbsp;?<\/em><\/p>\n\n\n\n<p>2 questions donc 2 r\u00e9ponses.<br>Les cam\u00e9ras \u00e0 l\u2019entr\u00e9e et \u00e0 la sortie du village ne pourraient pas renseigner sur les agissements des passagers pendant leur trajet dans notre commune \u00e0 l\u2019habitat dispers\u00e9, et rien ne prouve que les cambriolages soient le fait de personnes de passage. Les incivilit\u00e9s, elles non plus, ne sont pas forc\u00e9ment perp\u00e9tr\u00e9es par des non-Petits-Rochois.<\/p>\n\n\n\n<p>Un r\u00e9f\u00e9rendum permet de voter de mani\u00e8re binaire : ce n\u2019est pas un mode d\u2019expression des opinions du public, ni un moyen de faire conna\u00eetre ou de tenir compte des tenants et aboutissants d\u2019un probl\u00e8me. C\u2019est une d\u00e9cision sans nuance.<\/p>\n\n\n\n<p>Le probl\u00e8me des cambriolages et des incivilit\u00e9s reste entier et doit \u00eatre pris au s\u00e9rieux par une commission adapt\u00e9e, toujours en lien avec les acteurs concern\u00e9s : les habitants, la gendarmerie, la mairie, etc.<\/p>\n\n\n\n<p><strong>Question 21.<\/strong><\/p>\n\n\n\n<p><em>La mairie peux-elle utiliser des logiciels libre ?<\/em><\/p>\n\n\n\n<p>Int\u00e9ressant : nous avons tent\u00e9, pendant le mandat qui s\u2019ach\u00e8ve, sans avoir pu mener ce travail jusqu\u2019au bout. Certaines communes le font, en g\u00e9n\u00e9ral ce sont des grandes communes qui disposent d\u2019un service informatique interne.<\/p>\n\n\n\n<p><strong>Question 22.<\/strong><\/p>\n\n\n\n<p><em>Dans le projet de centre m\u00e9dical, ou stationneraient les usager.es ?<\/em><\/p>\n\n\n\n<p>Les parkings, comme dans chaque projet, sont inclus dans les plans : c\u2019est un besoin int\u00e9gr\u00e9 dans la d\u00e9finition de cette maison.<\/p>\n\n\n\n<p><strong>Question 23.<\/strong><\/p>\n\n\n\n<p><em>Y aura-il un.e Ost\u00e9o&rsquo; dans la maison m\u00e9dicale ?<\/em><\/p>\n\n\n\n<p>C\u2019est \u00e0 l\u2019ost\u00e9opathe de prendre contact avec les professionnels de sant\u00e9 qui portent ce projet.<\/p>\n\n\n\n<p><strong>Question 24.<\/strong><\/p>\n\n\n\n<p>\u00ab\u00a0<em>Regardez un reportage d&rsquo;Elise Lucet sur l&rsquo;\u00e9cole et en particulier solutions d&rsquo;am\u00e9lioration de p\u00e9riscolaire (salari\u00e9s avec meilleurs contrats, tr\u00e8s disponibles pour les enfants)<\/em>\u00ab\u00a0<\/p>\n\n\n\n<p>Le reportage d\u2019Elise Lucet ne correspond pas \u00e0 notre r\u00e9alit\u00e9.<\/p>\n\n\n\n<p>Nous faisons, depuis des ann\u00e9es, un travail quotidien d\u2019am\u00e9lioration, avec des formations r\u00e9guli\u00e8res (la derni\u00e8re : 2 jours pour toute l\u2019\u00e9quipe sur les comp\u00e9tences psychosociales). Il y a un coordinateur du p\u00e9riscolaire qui suit au quotidien le travail de nos agents. Chaque difficult\u00e9 est trait\u00e9e avec s\u00e9rieux. Les taux d\u2019encadrement sont respect\u00e9s, les temps de travail sont optimis\u00e9s en fonction des demandes de chaque agent. Certains veulent peu d\u2019heures et se contentent des temps p\u00e9riscolaires, d\u2019autres ont besoin de travailler davantage : nous leur proposons des heures de m\u00e9nage en journ\u00e9e, en compl\u00e9ment des horaires \u00ab \u00e9clat\u00e9s \u00bb du p\u00e9riscolaire.<\/p>\n\n\n\n<p>Nos agents ont tous un grand sens du service. Ils sont perfectibles, comme nous tous, mais le reportage d\u2019Elise Lucet ne d\u00e9crit absolument pas leur travail.<\/p>\n\n\n\n<p><strong>Question 25.<\/strong><\/p>\n\n\n\n<p><em>Le village de saint Pancrasse est d\u00e9laiss\u00e9 par les agents municipaux ; probl\u00e8mes de salet\u00e9s, de chenaux non entretenus <\/em><\/p>\n\n\n\n<p>Cet avis ne correspond pas \u00e0 une r\u00e9alit\u00e9 concr\u00e8te. Nos agents travaillent avec un grand sens du service ! Si des probl\u00e8mes sont constat\u00e9s, il est important de les signaler, car ce sont les habitants, experts de leur rue, qui peuvent nous alerter (<a href=\"mailto:accueil@petites-roches.org\" target=\"_blank\" rel=\"noreferrer noopener\">accueil@petites-roches.org<\/a>).<\/p>\n\n\n\n<p><strong>Question 26.<\/strong><\/p>\n\n\n\n<p><em>\u00ab\u00a0La vente des terrains au col du coq est pour financer saint Hilaire et saint Bernard\u00a0\u00bb. &nbsp;<\/em><\/p>\n\n\n\n<p>La vente de l\u2019Espace Naturel Sensible du col du Coq correspondait \u00e0 une prise en compte de la r\u00e9alit\u00e9. Cet ENS \u00e9tait entretenu par le d\u00e9partement : il \u00e9tait logique qu\u2019il en ait la propri\u00e9t\u00e9. La municipalit\u00e9 a fait bon accueil \u00e0 une demande des habitants, qui s\u2019inqui\u00e9taient de la vente de la partie foresti\u00e8re faisant partie de la parcelle en vente. La parcelle a donc \u00e9t\u00e9 partag\u00e9e pour conserver la for\u00eat dans le giron communal.<\/p>\n\n\n\n<p>Le produit de cette vente a abond\u00e9 les finances municipales, sans fl\u00e9chage particulier vers l\u2019un des villages. Tout comme la vente de la maison \u00ab Le Sauzet \u00bb profitera \u00e0 l\u2019ensemble de la commune.<\/p>\n\n\n\n<p><strong>Question 27.<\/strong><\/p>\n\n\n\n<p><em>\u00ab\u00a0nous n\u2019avons rien \u00e0 faire avec ces deux villages, nous ne sommes pas saint Pancrasse du touvet\u201d.<\/em> <\/p>\n\n\n\n<p>[Un habitant souhaite que saint Pancrasse reprenne son ind\u00e9pendance]<\/p>\n\n\n\n<p>Oui, mais ce n\u2019\u00e9tait pas le choix qui a \u00e9t\u00e9 fait par les \u00e9lus en 2019.<\/p>\n\n\n\n<p><strong>Question 28.<\/strong><\/p>\n\n\n\n<p><em>Besoin exprim\u00e9 plusieurs fois d\u2019un lieu de vie sur le village de St Pancrasse<\/em><\/p>\n\n\n\n<p>Il y a une pizzeria (\u00e9tablissement priv\u00e9), une \u00e9cole et une biblioth\u00e8que qui sont g\u00e9r\u00e9es par la commune ; les bureaux \u00e0 l\u2019\u00e9tage de l\u2019ancienne mairie sont lou\u00e9s \u00e0 des entreprises ; la salle polyvalente permet des festivit\u00e9s nombreuses comme le feu de la Saint-Jean, Cr\u00e9a&rsquo;Plato&#8230; Des propositions de projets pourraient \u00eatre \u00e9tudi\u00e9es et men\u00e9es ou soutenues.<\/p>\n\n\n\n<p><strong>Question 29.<\/strong><\/p>\n\n\n\n<p><em>Des habitant.es de St Pancrasse on le sentiment que \u00ab\u00a0St Pancrasse est le parent pauvre des 3 villages\u00a0\u00bb &nbsp;<\/em><\/p>\n\n\n\n<p>Ce sentiment connu ne correspond pas \u00e0 la volont\u00e9 municipale. Le petit nombre d\u2019habitants et la pr\u00e9sence de gorges entre St Pancrasse et St Hilaire donnent cette sensation, mais on peut remarquer par exemple que :<\/p>\n\n\n\n<ul class=\"wp-block-list\">\n<li>la biblioth\u00e8que est soutenue avec la m\u00eame assiduit\u00e9 que celle qui est \u00e0 St Hilaire.<\/li>\n\n\n\n<li>la commune nouvelle a permis \u00e0 nos \u00e9l\u00e8ves de St Pancrasse d\u2019avoir acc\u00e8s \u00e0 la restauration scolaire et que, chaque jour, un de nos agents livre les repas en liaison chaude pour chacun et chacune de nos enfants ;<\/li>\n<\/ul>\n\n\n\n<p><strong>Question 30.<\/strong><\/p>\n\n\n\n<p><em>Les parapentes se posent n&rsquo;importe ou dans des champs exploit\u00e9s. <\/em><\/p>\n\n\n\n<p>C\u2019est tr\u00e8s dommageable, mais il est difficile de savoir \u00e0 l\u2019avance o\u00f9 cela se produira et de pr\u00e9venir ces incivilit\u00e9s. Avez-vous des propositions d\u2019actions ? Peut-\u00eatre en communiquant aux d\u00e9cos.<\/p>\n\n\n\n<p><strong>Question 31.<\/strong><\/p>\n\n\n\n<p><em>Vous pensez que des agriculteurs peuvent encore s&rsquo;installer ? y a t-il du foncier ?<\/em><\/p>\n\n\n\n<p>Le paysage agricole r\u00e9sulte, comme partout dans les montagnes, de la d\u00e9prise agricole li\u00e9e \u00e0 \u00ab\u00a0l&rsquo;exode rural\u00a0\u00bb. Il y a de nombreuses friches d\u00e9j\u00e0 identifi\u00e9es qui peuvent \u00eatre propices \u00e0 certaines productions et porter en partie l&rsquo;installation d&rsquo;agriculteur\u00b7ices.<\/p>\n\n\n\n<p>La sanctuarisation des terres agricoles et naturelles par le PAEN va r\u00e9duire la sp\u00e9culation fonci\u00e8re agricole et aura peut-\u00eatre pour effet de faciliter l&rsquo;acquisition de terres par des agriculteur\u00b7ices d\u00e9j\u00e0 actif\u00b7ves ou en devenir.<\/p>\n\n\n\n<p>Certaines productions ne n\u00e9cessitent pas beaucoup de foncier. Et enfin, la tendance est que chacun vieillit, et c&rsquo;est vrai pour les agriculteurs aussi.<\/p>\n\n\n\n<p><strong>Question 32.<\/strong><\/p>\n\n\n\n<p><em>Que peux faire la mairie pour aider \u00e0 l&rsquo;installation agricole ?<\/em><\/p>\n\n\n\n<p>La mairie n&rsquo;a pas beaucoup de cartes en main, mais elle peut :<\/p>\n\n\n\n<ol class=\"wp-block-list\">\n<li>Accueillir les porteur\u00b7ses de projet qui se pr\u00e9sentent.<\/li>\n\n\n\n<li>Apporter un soutien sur la compr\u00e9hension du territoire, de ses enjeux, de ses contraintes.<\/li>\n\n\n\n<li>Faciliter les liens avec les propri\u00e9taires de foncier agricoles potentiels, et dans la consultation du cadastre.<\/li>\n\n\n\n<li>\u00catre une \u00ab\u00a0interface\u00a0\u00bb entre diff\u00e9rentes institutions pour faciliter l&rsquo;acquisition de foncier et, plus g\u00e9n\u00e9ralement, la faisabilit\u00e9 d&rsquo;un projet.<\/li>\n\n\n\n<li>Organiser des rencontres avec des exploitant\u00b7es.<\/li>\n\n\n\n<li>Inciter les propri\u00e9taires de friches \u00e0 \u00ab\u00a0donner \u00e0 bail\u00a0\u00bb ou vendre leur terrain.<\/li>\n<\/ol>\n\n\n\n<p><strong>Question 33.<\/strong><\/p>\n\n\n\n<p><em>Inqui\u00e9tude sur l\u2019avenir de l\u2019\u00e9cole de Saint Pancrasse revenu plusieurs fois <\/em><\/p>\n\n\n\n<p>L\u2019\u00e9cole de St Pancrasse n\u2019est pas mise en danger par la municipalit\u00e9. Nous ne pr\u00e9voyons pas de la fermer. Cette ann\u00e9e, il n\u2019y a qu\u2019un enfant qui entre en petite section. Si cette situation inqui\u00e9tante se poursuivait, l\u2019\u00c9ducation nationale pourrait fermer des classes et, dans 7 ans, il n\u2019y aurait plus que 7 enfants \u00e0 l\u2019\u00e9cole ! Ce n\u2019est pas le projet de la mairie. Nous donnons, et continuerons de donner, la priorit\u00e9 aux familles pour int\u00e9grer les logements communaux et sensibilisons les bailleurs sociaux \u00e0 cette probl\u00e9matique.<\/p>\n\n\n\n<p>En compl\u00e9ment, ci-dessous le mail envoy\u00e9 aux parents d&rsquo;\u00e9l\u00e8ves des 3 \u00e9coles \u00e0 transmettre \u00e0 tous les parents et aux 3 directrices d&rsquo;\u00e9coles du plateau:<\/p>\n\n\n\n<p>Chers enseignants, Chers parents,<\/p>\n\n\n\n<p>Jeudi 5 f\u00e9vrier, Madame le Maire et ses adjoints ont eu une visio avec Mr Gros, le Directeur Acad\u00e9mique, ainsi que son adjoint, les deux Inspecteurs de l\u2019Education Nationale du Plateau, Madame Saget et Mr Ledouit, et le chef de service de la division scolaire.<\/p>\n\n\n\n<p>Mr Gros a pr\u00e9sent\u00e9 officiellement les organisations scolaires \u00e0 la rentr\u00e9e 2026&nbsp;:<\/p>\n\n\n\n<ul class=\"wp-block-list\">\n<li>Pas de fermeture de classe sur la Commune,<\/li>\n\n\n\n<li>Pas de changement pour les coll\u00e9giens et les lyc\u00e9ens : les \u00e9l\u00e8ves de Saint-Pancrasse continueront \u00e0 fr\u00e9quenter le coll\u00e8ge de St-Ismier et le Lyc\u00e9e de Meylan.<\/li>\n\n\n\n<li>La seule chose qui change est qu\u2019il n\u2019y aura plus qu\u2019un seul inspecteur pour l\u2019ensemble des trois \u00e9coles du Plateau. &nbsp;<\/li>\n<\/ul>\n\n\n\n<p>Mr Gros confirme ces informations dans le courrier joint.<\/p>\n\n\n\n<p>Pour rappel les responsabilit\u00e9s autour des \u00e9coles sont distribu\u00e9es ainsi :<\/p>\n\n\n\n<ul class=\"wp-block-list\">\n<li>Ouverture ou fermeture de classe et circonscription (c&rsquo;est \u00e0 dire inspecteur en charge de nos \u00e9coles) : l\u2019Education Nationale,<\/li>\n\n\n\n<li>Ouverture ou fermeture d\u2019\u00e9cole : la Commune,<\/li>\n\n\n\n<li>Sectorisation (c&rsquo;est \u00e0 dire coll\u00e8ge de secteur vers lequel sont orient\u00e9s les \u00e9l\u00e8ves) : le D\u00e9partement.<\/li>\n<\/ul>\n\n\n\n<p>A la fin de cette r\u00e9union, il a \u00e9t\u00e9 convenu que pour toute modification potentielle \u00e0 venir, un travail de concertation sera men\u00e9 en amont de toute d\u00e9cision par les services de M.Gros avec la Commune et toutes les personnes concern\u00e9es.<\/p>\n\n\n\n<p><strong>Question 34.<\/strong><\/p>\n\n\n\n<p><em>Une habitante inqui\u00e8te du sujet des habitats l\u00e9gers et peur que cela devienne des lieux insalubres rapidement.<\/em> <\/p>\n\n\n\n<p>Les r\u00e8gles d&rsquo;urbanisme s&rsquo;appliquent aux habitats l\u00e9gers ; il n\u2019y a pas plus de risque de logements insalubres que dans les logements plus traditionnels.<\/p>\n\n\n\n<p><strong><strong>Question 34.<\/strong><\/strong><\/p>\n\n\n\n<p><em>Besoins remont\u00e9s concernant la mobilit\u00e9 depuis le plateau. Un transport pour aller au parking relais de Botanic ?<\/em><\/p>\n\n\n\n<p>Le probl\u00e8me du transport sur le plateau et depuis le plateau est un probl\u00e8me qui n\u2019a pas encore trouv\u00e9 de solution malgr\u00e9 le travail de la commission ad hoc avec le SMAAG. \u00ab\u00a0Nous avions fait une demande dans le sens de l\u2019organisation d\u2019une desserte plus courte et plus rapide en direction de la B\u00e2tie (\u00e0 St Ismier) ou de Pr\u00e9 de l\u2019Eau (\u00e0 Montbonnot) ; pour l\u2019instant \u00e7a n\u2019a pas abouti.\u00a0\u00bb<\/p>\n\n\n\n<p><strong>Question 35.<\/strong><\/p>\n\n\n\n<p>\u00ab\u00a0<em>et pour finir  les gens ne disent m\u00eame plus bonjour\u201d <\/em><\/p>\n\n\n\n<p>La convivialit\u00e9 est importante ; elle fait partie de nos \u201ccommuns\u201d qu&rsquo;il convient \u00e0 chacun de se saisir.<\/p>\n\n\n\n<p><strong>Question 36<\/strong>.<\/p>\n\n\n\n<p><em>Recommuniquer sur le fait que la newsletter est accessible par papier pour des personnes qui le demanderaient car elles ne peuvent ou ne veulent pas aller sur internet<\/em>. <\/p>\n\n\n\n<p>Cette proposition est communiqu\u00e9e r\u00e9guli\u00e8rement par le CCAS \u00e0 nos anciens mais nous pourrons passer cette information \u00e9galement dans le journal municipal de la commune.<\/p>\n\n\n\n<p><strong>Question 37.<\/strong><\/p>\n\n\n\n<p><em>Le restaurant la Renardi\u00e8re cherche des personnes pour le we et l&rsquo;\u00e9t\u00e9, comment la mairie pourrait communiquer ce besoin ? <\/em><\/p>\n\n\n\n<p>Les recherches d\u2019emploi sont r\u00e9guli\u00e8rement diffus\u00e9es dans la Newsletter par la mairie, Solidaction et autres entreprises ou commer\u00e7ants. Pour cela, envoyer \u00e0 <a href=\"mailto:accueil@petites-roches.org\">accueil@petites-roches.org<\/a> votre annonce.&nbsp;<\/p>\n\n\n\n<p><strong>Question 38<\/strong><\/p>\n\n\n\n<p><em>Que compte faire la commune pour la r\u00e9utilisation des eaux us\u00e9es?&nbsp;<\/em><\/p>\n\n\n\n<p>C\u2019est une comp\u00e9tence de la CCLG et la commune se fait le relais des questions des habitants lors des commissions intercommunales.&nbsp;<\/p>\n\n\n\n<p><strong>Question 39<\/strong><\/p>\n\n\n\n<p><em>Pourquoi il n&rsquo;y a pas d&rsquo;\u00e9clairage public sur le Chemin du vieux Fr\u00eane <\/em><\/p>\n\n\n\n<p>L\u2019\u00e9clairage public est install\u00e9 sur les chemins et routes communales et non sur les parties priv\u00e9es des chemins, comme pour les impasses priv\u00e9es de lotissement.<\/p>\n\n\n\n<p><strong>Question 40<\/strong>.<\/p>\n\n\n\n<p><em>C&rsquo;est impossible de se prendre \u00ab\u00a0un petit caf\u00e9\u00a0\u00bb le matin avant le d\u00e9part au travail (aux environs de 7h), au bureau de tabac ce serait bien mais il n&rsquo;ouvre qu&rsquo;\u00e0 8:00<\/em>&nbsp;&nbsp;<\/p>\n\n\n\n<p>S\u2019il y\u2019a une vraie demande, proposer \u00e0 la boulangerie de mettre un distributeur de boissons chaudes, dont du caf\u00e9, ce qui inciterait les gens \u00e0 s\u2019acheter une viennoiserie ou aux bars-restaurants de notre village, d\u2019ouvrir plus t\u00f4t.&nbsp;<\/p>\n\n\n\n<p><strong>Question 41<\/strong><\/p>\n\n\n\n<p><em>Questions sur le questionnaire du centre de loisirs<\/em><\/p>\n\n\n\n<p><em>Quand pr\u00e9voyons-nous une prochaine rencontre pour avancer sur l&rsquo;analyse de ce questionnaire ? Dans les 15 prochains jours ? <\/em><\/p>\n\n\n\n<p>Une r\u00e9union est pr\u00e9vue courant avril avec les parents d&rsquo;\u00e9l\u00e8ves d\u00e9l\u00e9gu\u00e9s pour statuer sur le d\u00e9roulement de l\u2019ann\u00e9e prochaine, un retour du questionnaire sera fait pour appuyer la r\u00e9flexion .<\/p>\n\n\n\n<p><em>Je souhaiterais aussi l&rsquo;on est votre positionnement pour les choix pour l&rsquo;ann\u00e9e prochaine (avant le 15 mars prochain).<\/em><\/p>\n\n\n\n<p>Pour l&rsquo;ann\u00e9e prochaine , les seules r\u00e9ponses au questionnaire ne permettent pas de cerner toute la probl\u00e9matique, ce sera une aide \u00e0 la d\u00e9cision pour les \u00e9lus et le comit\u00e9 de r\u00e9flexion. Son existence limitera l&rsquo;\u00e9ventuel d\u00e9lai de prise en compte et d\u00e9couverte des nouveaux&nbsp;\u00e9lus<\/p>\n\n\n\n<p><em>Nous aurons les r\u00e9ponses au questionnaire et le retour des vacances de Toussaint et de f\u00e9vrier. La d\u00e9cision devrait donc pouvoir \u00eatre prise. <\/em><\/p>\n\n\n\n<p>Le fonctionnement de l&rsquo;\u00e9quipe actuelle n&rsquo;est pas de passer rapidement et en force; la d\u00e9cision peut \u00eatre prise de mani\u00e8re l\u00e9gale, mais pourrait \u00eatre consid\u00e9r\u00e9e comme ill\u00e9gitime vu sa temporalit\u00e9.<br><br><strong>Question 42<\/strong><\/p>\n\n\n\n<p><em>Tension entre l\u2019office du tourisme et la mairie&nbsp;: d\u00e9sagr\u00e9able pour les utilisateurs <\/em><\/p>\n\n\n\n<p>l&rsquo;OT des Petites Roches et la mairie travaillent ensemble, association propos\u00e9e \u00e0 l&rsquo;OT dans les projets touristiques et implication de leur part. Beaucoup de turn-over \u00e0 l\u2019OT peuvent&nbsp; expliquer cette impression. <\/p>\n\n\n\n<p>Pr\u00e9sents au CODIR (comit\u00e9 de direction) de l\u2019OT Belledonne-Chartreuse: pour la commune, 2 \u00e9lus, 2 repr\u00e9sentants socio-pros, la pr\u00e9sidente de la Coupe Icare qui sommes assidus pour d\u00e9fendre notre vision du plateau et notre mode de fonctionnement.<\/p>\n\n\n\n<p><strong>Question 43.<\/strong><\/p>\n\n\n\n<p><em>Eclairage public&nbsp;: possible en hiver de d\u00e9caler l\u2019horaire d\u2019extinction&nbsp;? Ou de mettre une temporisation de lumi\u00e8re d\u00e9gressive ou qui s\u2019allume sur le passage&nbsp;? <\/em><\/p>\n\n\n\n<p>Eteindre l&rsquo;\u00e9clairage public plus t\u00f4t s&rsquo;est fait en r\u00e9action aux fortes augmentations du cout de l&rsquo;\u00e9lectricit\u00e9. Notre proposition est de red\u00e9caler l\u2019extinction de l\u2019\u00e9clairage public \u00e0 22h30.<\/p>\n\n\n\n<p><strong>Question 44<\/strong><\/p>\n\n\n\n<p><em>Am\u00e9nagement des Petites cit\u00e9s&nbsp;: organiser une r\u00e9union d\u2019information avec l\u2019ensemble du voisinage pour discuter du projet.<\/em><\/p>\n\n\n\n<p>Une r\u00e9union de pr\u00e9sentation du projet a d\u00e9j\u00e0 \u00e9t\u00e9 organis\u00e9e par la mairie. L\u2019ensemble des habitants des Margains Haut \u00e9tait invit\u00e9.<\/p>\n\n\n\n<p><strong>Question 45<\/strong><\/p>\n\n\n\n<p>Pas d\u2019unit\u00e9 architecturale&nbsp;: acceptation des toits plats, des habitats mobiles\u2026 <\/p>\n\n\n\n<p>Ce sont dans les 3 PLU (Plan local de l\u2019Urbanisme) que les r\u00e8gles architecturales sont pr\u00e9conis\u00e9es: PLU de St Pancrasse datant de 2008, celui de St Hilaire de 2012 et celui de St Bernard de 2013. La modification faite en 2025 des 3 PLU a permis d&rsquo;uniformiser sur nos 3 villages certaines r\u00e8gles.<\/p>\n\n\n\n<p>L\u2019acceptation des toitures plates n\u2019est pas de la simple d\u00e9cision des communes mais de la loi SRU, loi nationale, qui les autorise et s\u2019impose aux PLU.&nbsp;&nbsp;<\/p>\n\n\n\n<p><strong>Question 46.<\/strong><\/p>\n\n\n\n<p><em>Sensibiliser les usagers au \u00ab\u00a0pourquoi c&rsquo;est bien\u00a0\u00bb de ne pas tout tondre tous les 15 jours, et expliquer comment se traduit une gestion diff\u00e9renci\u00e9e dans les espaces verts et les jardins, dans l&rsquo;usage et le visuel. <\/em><\/p>\n\n\n\n<p>C&rsquo;est une action en court, qui se pr\u00e9pare bien en amont et n\u00e9cessite une communication aupr\u00e8s de tous pour expliquer ce choix. Plusieurs agents techniques ont d\u00e9j\u00e0 suivi des formations et un agent administratif motiv\u00e9 \u00e9tudie la mise en place de ces nouvelles pratiques dans la gestion de nos espaces verts, ainsi que le traitement des esp\u00e8ces invasives.<\/p>\n\n\n\n<p><strong>Question 47<\/strong><\/p>\n\n\n\n<p><em>Sensibiliser les habitants \u00e0 une gestion \u00ab\u00a0moins stricte\u00a0\u00bb et plus vertueuse de leurs jardins priv\u00e9s<\/em>. <\/p>\n\n\n\n<p>Cette question est dans nos objectifs du projet sur 3 ans de l&rsquo;inventaire ABC du Parc de Chartreuse. <\/p>\n\n\n\n<p><strong>Question 48.<\/strong><\/p>\n\n\n\n<ul class=\"wp-block-list\">\n<li><em>Le chaucidou est tr\u00e8s mal respect\u00e9, danger au niveau de l\u2019\u00e9tang notre Dame<\/em><\/li>\n<\/ul>\n\n\n\n<p>Le Chaucidou (chauss\u00e9e \u00e0 voie centrale banalis\u00e9e) est un terme d\u2019usage. Son principe juridique a \u00e9t\u00e9 introduit en 2003 puis \u00e9tendu et reconnu clairement en ville depuis 2015. C\u2019est donc un am\u00e9nagement routier r\u00e9cent. La vitesse est g\u00e9n\u00e9ralement limit\u00e9e \u00e0 30 ou 50 km\/h, les voitures sont au centre, les v\u00e9los sur les bandes lat\u00e9rales et les voitures s\u2019y d\u00e9calent seulement si elles sont libres pour se croiser. Si les voitures respectent la limitation de vitesse, il n\u2019y a pas de danger m\u00eame au niveau de l\u2019\u00e9tang de Notre Dame. Le D\u00e9partement et le SMAGG ont valid\u00e9 tous les am\u00e9nagements du Chaucidou.<\/p>\n\n\n\n<ul class=\"wp-block-list\">\n<li><em>Le chaucidou apr\u00e8s la pharmacie et sa ligne continue dangereuse pour les croisements&nbsp;<\/em><\/li>\n<\/ul>\n\n\n\n<p>Il n\u2019y a pas de Chaucidou apr\u00e8s la pharmacie car la largeur de la route ne le permet pas. Par contre, le d\u00e9partement a autoris\u00e9 un \u201cd\u00e9laiss\u00e9 de voirie\u201d plus large afin de cr\u00e9er une bande qui s\u00e9curise&nbsp; les v\u00e9los, plus lents en mont\u00e9e&nbsp; que les voitures. Il est \u00e0 rappeler que les pi\u00e9tons sont incit\u00e9s \u00e0 emprunter le chemin de la Chour\u00e8re puis le chemin des Trolles pour acc\u00e9der du centre bourg de St Hilaire au Margains.<\/p>\n\n\n\n<p>La largeur de la route, diff\u00e9rente \u00e0 certains endroits,&nbsp; contraint la mairie, en concertation avec le D\u00e9partement et le SMAGG, \u00e0 faire des choix de marquage diff\u00e9rents.&nbsp;<br><\/p>\n\n\n\n<p><strong>Question 49.<\/strong><\/p>\n\n\n\n<p><em>\u00ab\u00a0Le Magasin G\u00e9n\u00e9ral c&rsquo;est cher\u00a0\u00bb<\/em><\/p>\n\n\n\n<p>Le Magasin G\u00e9n\u00e9ral est un commerce local de produits bio et\/ou issu de productions locales, sous forme d&rsquo;une coop\u00e9rative ouverte aux participations d&rsquo;habitants et ne d\u00e9pendant pas de la mairie.<\/p>\n\n\n\n<ul class=\"wp-block-list\">\n<li>\u00ab\u00a0Il paye les producteurs \u00e0 un prix juste ; leur permettant de vivre de leur m\u00e9tier, <\/li>\n<\/ul>\n\n\n\n<ul class=\"wp-block-list\">\n<li>il applique une marge r\u00e9duite sur 20 produits de premi\u00e8re n\u00e9cessit\u00e9, <\/li>\n<\/ul>\n\n\n\n<ul class=\"wp-block-list\">\n<li>il applique une marge r\u00e9duite sur les produits du plateau\u00a0\u00bb.<\/li>\n<\/ul>\n\n\n\n<p><strong>Et vos suggestions qui n&rsquo;attendent pas de r\u00e9ponses mais m\u00e9ritent sans doute d&rsquo;y travailler <\/strong>:<\/p>\n\n\n\n<p><\/p>\n\n\n\n<ul class=\"wp-block-list\">\n<li>On a besoin d\u2019un minibus pour aller faire ses courses sur le plateau ou dans la vall\u00e9e.\u00a0\u00bb<\/li>\n\n\n\n<li>\u00ab\u00a0Avoir un vrai terrain de p\u00e9tanque au Pr\u00e9 Lacour, en bon \u00e9tat et pouvant accueillir plusieurs parties.\u00a0\u00bb<\/li>\n\n\n\n<li>D\u00e9placer un banc inutile \u00ab\u00a0ici\u00a0\u00bb \u00e0 un endroit utile \u00ab\u00a0l\u00e0\u00a0\u00bb, en bas des pistes.<\/li>\n\n\n\n<li>Installer des tables de pique-nique \u00ab\u00a0par exemple dans les Dioux\u00a0\u00bb et des poubelles au retour des chemins.<\/li>\n\n\n\n<li>Entretenir certains chemins utilis\u00e9s pour la promenade et l&rsquo;agriculture avec l&rsquo;\u00e9pareuse communale men\u00e9e par un agent des services techniques.<\/li>\n\n\n\n<li>Implanter des fleurs mellif\u00e8res dans les lieux publics, et non des ornementales \u00ab\u00a0cultivar\u00a0\u00bb, peu ou pas int\u00e9ressantes pour la faune.<\/li>\n<\/ul>\n\n\n\n<p><br><strong>Les autres pr\u00e9cieux apports sont en cours de traitement. Nous tachons de formuler des r\u00e9ponses bient\u00f4t. sur cette page.<\/strong><\/p>\n\n\n\n<p>L&rsquo;\u00e9quipe \u00ab\u00a0En Commun\u00a0\u00bb vous remercie pour votre accueil lors du porte \u00e0 porte.<\/p>\n\n\n\n<p>Nous vous remercions pour vos retours, vos questionnements et vos suggestions qui repr\u00e9sentera une vraie base de travail si vous nous donnez votre confiance pour mettre en \u0153uvre ce programme construit avec vous.<\/p>\n\n\n\n<p><\/p>\n","protected":false},"excerpt":{"rendered":"<p>&nbsp;&nbsp;R\u00e9union publique du 11 mars nos r\u00e9ponses aux questions Partie 1 Solidarit\u00e9 et respect o &nbsp; Avez-vous le projet de cr\u00e9er un lieu pour r\u00e9cup\u00e9rer mon colis afin de ne pas descendre ? Notre liste pr\u00e9voit d\u2019\u00e9tudier la question en relation avec les habitants. Accueillir un \u201clocker d\u2019un transporteur\u201d peut \u00eatre \u00e9tudi\u00e9 si la commune [&hellip;]<\/p>\n","protected":false},"author":1,"featured_media":0,"parent":0,"menu_order":0,"comment_status":"closed","ping_status":"closed","template":"","meta":{"footnotes":""},"class_list":["post-52","page","type-page","status-publish","hentry"],"yoast_head":"<!-- This site is optimized with the Yoast SEO plugin v27.1.1 - https:\/\/yoast.com\/product\/yoast-seo-wordpress\/ -->\n<title>Vos questions, vos attentes, nos r\u00e9ponses - En commun: Liste du Plateau des Petites Roches<\/title>\n<meta name=\"robots\" content=\"index, follow, max-snippet:-1, max-image-preview:large, max-video-preview:-1\" \/>\n<link rel=\"canonical\" href=\"https:\/\/encommun.ovh\/?page_id=52\" \/>\n<meta property=\"og:locale\" content=\"fr_FR\" \/>\n<meta property=\"og:type\" content=\"article\" \/>\n<meta property=\"og:title\" content=\"Vos questions, vos attentes, nos r\u00e9ponses - En commun: Liste du Plateau des Petites Roches\" \/>\n<meta property=\"og:description\" content=\"&nbsp;&nbsp;R\u00e9union publique du 11 mars nos r\u00e9ponses aux questions Partie 1 Solidarit\u00e9 et respect o &nbsp; Avez-vous le projet de cr\u00e9er un lieu pour r\u00e9cup\u00e9rer mon colis afin de ne pas descendre ? Notre liste pr\u00e9voit d\u2019\u00e9tudier la question en relation avec les habitants. Accueillir un \u201clocker d\u2019un transporteur\u201d peut \u00eatre \u00e9tudi\u00e9 si la commune [&hellip;]\" \/>\n<meta property=\"og:url\" content=\"https:\/\/encommun.ovh\/?page_id=52\" \/>\n<meta property=\"og:site_name\" content=\"En commun: Liste du Plateau des Petites Roches\" \/>\n<meta property=\"article:modified_time\" content=\"2026-03-13T19:16:42+00:00\" \/>\n<meta name=\"twitter:card\" content=\"summary_large_image\" \/>\n<meta name=\"twitter:label1\" content=\"Dur\u00e9e de lecture estim\u00e9e\" \/>\n\t<meta name=\"twitter:data1\" content=\"43 minutes\" \/>\n<script type=\"application\/ld+json\" class=\"yoast-schema-graph\">{\"@context\":\"https:\/\/schema.org\",\"@graph\":[{\"@type\":\"WebPage\",\"@id\":\"https:\/\/encommun.ovh\/?page_id=52\",\"url\":\"https:\/\/encommun.ovh\/?page_id=52\",\"name\":\"Vos questions, vos attentes, nos r\u00e9ponses - En commun: Liste du Plateau des Petites Roches\",\"isPartOf\":{\"@id\":\"https:\/\/encommun.ovh\/#website\"},\"datePublished\":\"2026-03-06T18:23:26+00:00\",\"dateModified\":\"2026-03-13T19:16:42+00:00\",\"breadcrumb\":{\"@id\":\"https:\/\/encommun.ovh\/?page_id=52#breadcrumb\"},\"inLanguage\":\"fr-FR\",\"potentialAction\":[{\"@type\":\"ReadAction\",\"target\":[\"https:\/\/encommun.ovh\/?page_id=52\"]}]},{\"@type\":\"BreadcrumbList\",\"@id\":\"https:\/\/encommun.ovh\/?page_id=52#breadcrumb\",\"itemListElement\":[{\"@type\":\"ListItem\",\"position\":1,\"name\":\"Accueil\",\"item\":\"https:\/\/encommun.ovh\/\"},{\"@type\":\"ListItem\",\"position\":2,\"name\":\"Vos questions, vos attentes, nos r\u00e9ponses\"}]},{\"@type\":\"WebSite\",\"@id\":\"https:\/\/encommun.ovh\/#website\",\"url\":\"https:\/\/encommun.ovh\/\",\"name\":\"En commun: Liste du Plateau des Petites Roches\",\"description\":\"\",\"potentialAction\":[{\"@type\":\"SearchAction\",\"target\":{\"@type\":\"EntryPoint\",\"urlTemplate\":\"https:\/\/encommun.ovh\/?s={search_term_string}\"},\"query-input\":{\"@type\":\"PropertyValueSpecification\",\"valueRequired\":true,\"valueName\":\"search_term_string\"}}],\"inLanguage\":\"fr-FR\"}]}<\/script>\n<!-- \/ Yoast SEO plugin. -->","yoast_head_json":{"title":"Vos questions, vos attentes, nos r\u00e9ponses - En commun: Liste du Plateau des Petites Roches","robots":{"index":"index","follow":"follow","max-snippet":"max-snippet:-1","max-image-preview":"max-image-preview:large","max-video-preview":"max-video-preview:-1"},"canonical":"https:\/\/encommun.ovh\/?page_id=52","og_locale":"fr_FR","og_type":"article","og_title":"Vos questions, vos attentes, nos r\u00e9ponses - En commun: Liste du Plateau des Petites Roches","og_description":"&nbsp;&nbsp;R\u00e9union publique du 11 mars nos r\u00e9ponses aux questions Partie 1 Solidarit\u00e9 et respect o &nbsp; Avez-vous le projet de cr\u00e9er un lieu pour r\u00e9cup\u00e9rer mon colis afin de ne pas descendre ? Notre liste pr\u00e9voit d\u2019\u00e9tudier la question en relation avec les habitants. Accueillir un \u201clocker d\u2019un transporteur\u201d peut \u00eatre \u00e9tudi\u00e9 si la commune [&hellip;]","og_url":"https:\/\/encommun.ovh\/?page_id=52","og_site_name":"En commun: Liste du Plateau des Petites Roches","article_modified_time":"2026-03-13T19:16:42+00:00","twitter_card":"summary_large_image","twitter_misc":{"Dur\u00e9e de lecture estim\u00e9e":"43 minutes"},"schema":{"@context":"https:\/\/schema.org","@graph":[{"@type":"WebPage","@id":"https:\/\/encommun.ovh\/?page_id=52","url":"https:\/\/encommun.ovh\/?page_id=52","name":"Vos questions, vos attentes, nos r\u00e9ponses - En commun: Liste du Plateau des Petites Roches","isPartOf":{"@id":"https:\/\/encommun.ovh\/#website"},"datePublished":"2026-03-06T18:23:26+00:00","dateModified":"2026-03-13T19:16:42+00:00","breadcrumb":{"@id":"https:\/\/encommun.ovh\/?page_id=52#breadcrumb"},"inLanguage":"fr-FR","potentialAction":[{"@type":"ReadAction","target":["https:\/\/encommun.ovh\/?page_id=52"]}]},{"@type":"BreadcrumbList","@id":"https:\/\/encommun.ovh\/?page_id=52#breadcrumb","itemListElement":[{"@type":"ListItem","position":1,"name":"Accueil","item":"https:\/\/encommun.ovh\/"},{"@type":"ListItem","position":2,"name":"Vos questions, vos attentes, nos r\u00e9ponses"}]},{"@type":"WebSite","@id":"https:\/\/encommun.ovh\/#website","url":"https:\/\/encommun.ovh\/","name":"En commun: Liste du Plateau des Petites Roches","description":"","potentialAction":[{"@type":"SearchAction","target":{"@type":"EntryPoint","urlTemplate":"https:\/\/encommun.ovh\/?s={search_term_string}"},"query-input":{"@type":"PropertyValueSpecification","valueRequired":true,"valueName":"search_term_string"}}],"inLanguage":"fr-FR"}]}},"_links":{"self":[{"href":"https:\/\/encommun.ovh\/index.php?rest_route=\/wp\/v2\/pages\/52","targetHints":{"allow":["GET"]}}],"collection":[{"href":"https:\/\/encommun.ovh\/index.php?rest_route=\/wp\/v2\/pages"}],"about":[{"href":"https:\/\/encommun.ovh\/index.php?rest_route=\/wp\/v2\/types\/page"}],"author":[{"embeddable":true,"href":"https:\/\/encommun.ovh\/index.php?rest_route=\/wp\/v2\/users\/1"}],"replies":[{"embeddable":true,"href":"https:\/\/encommun.ovh\/index.php?rest_route=%2Fwp%2Fv2%2Fcomments&post=52"}],"version-history":[{"count":44,"href":"https:\/\/encommun.ovh\/index.php?rest_route=\/wp\/v2\/pages\/52\/revisions"}],"predecessor-version":[{"id":190,"href":"https:\/\/encommun.ovh\/index.php?rest_route=\/wp\/v2\/pages\/52\/revisions\/190"}],"wp:attachment":[{"href":"https:\/\/encommun.ovh\/index.php?rest_route=%2Fwp%2Fv2%2Fmedia&parent=52"}],"curies":[{"name":"wp","href":"https:\/\/api.w.org\/{rel}","templated":true}]}}