{"id":79,"date":"2026-03-07T09:25:35","date_gmt":"2026-03-07T09:25:35","guid":{"rendered":"https:\/\/encommun.ovh\/?page_id=79"},"modified":"2026-03-17T19:05:53","modified_gmt":"2026-03-17T19:05:53","slug":"election-2026-avec-la-liste-en-commun","status":"publish","type":"page","link":"https:\/\/encommun.ovh\/","title":{"rendered":"<span style=\"color: #FFFFFF;\">\u00c9lection 2026 avec la liste \u00ab\u00a0En commun\u00a0\u00bb<\/span>"},"content":{"rendered":"\n<figure class=\"wp-block-image size-large\"><img fetchpriority=\"high\" decoding=\"async\" width=\"724\" height=\"1024\" src=\"https:\/\/encommun.ovh\/wp-content\/uploads\/2026\/03\/IMG-20260313-WA0003-724x1024.jpg\" alt=\"\" class=\"wp-image-191\" srcset=\"https:\/\/encommun.ovh\/wp-content\/uploads\/2026\/03\/IMG-20260313-WA0003-724x1024.jpg 724w, https:\/\/encommun.ovh\/wp-content\/uploads\/2026\/03\/IMG-20260313-WA0003-212x300.jpg 212w, https:\/\/encommun.ovh\/wp-content\/uploads\/2026\/03\/IMG-20260313-WA0003-768x1086.jpg 768w, https:\/\/encommun.ovh\/wp-content\/uploads\/2026\/03\/IMG-20260313-WA0003-1086x1536.jpg 1086w, https:\/\/encommun.ovh\/wp-content\/uploads\/2026\/03\/IMG-20260313-WA0003.jpg 1131w\" sizes=\"(max-width: 724px) 100vw, 724px\" \/><\/figure>\n\n\n\n<figure class=\"wp-block-image\"><img decoding=\"async\" width=\"724\" height=\"1024\" src=\"https:\/\/apalis.fr\/encommun\/wp-content\/uploads\/2026\/03\/Affiche-verso-724x1024.jpg\" alt=\"\" class=\"wp-image-13\" srcset=\"https:\/\/encommun.ovh\/wp-content\/uploads\/2026\/03\/Affiche-verso-724x1024.jpg 724w, https:\/\/encommun.ovh\/wp-content\/uploads\/2026\/03\/Affiche-verso-212x300.jpg 212w, https:\/\/encommun.ovh\/wp-content\/uploads\/2026\/03\/Affiche-verso-768x1086.jpg 768w, https:\/\/encommun.ovh\/wp-content\/uploads\/2026\/03\/Affiche-verso-1086x1536.jpg 1086w, https:\/\/encommun.ovh\/wp-content\/uploads\/2026\/03\/Affiche-verso-1448x2048.jpg 1448w, https:\/\/encommun.ovh\/wp-content\/uploads\/2026\/03\/Affiche-verso.jpg 1587w\" sizes=\"(max-width: 724px) 100vw, 724px\" \/><\/figure>\n\n\n\n<h2 class=\"wp-block-heading\"><a href=\"https:\/\/encommun.ovh\/?page_id=193\" type=\"link\" id=\"https:\/\/encommun.ovh\/?page_id=193\">Cliquez ici pour les vid\u00e9os de candidats \u00ab\u00a0en commun\u00a0\u00bb<\/a><\/h2>\n\n\n\n<h2 class=\"wp-block-heading\"><a href=\"https:\/\/encommun.ovh\/?page_id=17\">Cliquez ici pour d\u00e9couvrir les portraits des candidates et candidats<\/a>.<\/h2>\n\n\n\n<ol class=\"wp-block-list\">\n<li><strong>Dominique CLOUZEAU<\/strong> (Saint Bernard)<\/li>\n\n\n\n<li>Alexandre GUERRA (Saint Hilaire)<\/li>\n\n\n\n<li>Malou CHRISTOPHEL (Saint Hilaire)<\/li>\n\n\n\n<li>Medhi LAZARUS (Saint Pancrasse)<\/li>\n\n\n\n<li>C\u00e9cile GOMEZ-BROUSSE (Saint Hilaire)<\/li>\n\n\n\n<li>Jean-Pierre CHABUT (Saint Pancrasse)<\/li>\n\n\n\n<li>Fran\u00e7oise MICHEL (Saint Hilaire)<\/li>\n\n\n\n<li>Lucas PAYSANT (Saint Bernard)<\/li>\n\n\n\n<li>Agatha BAUER (Saint Pancrasse)<\/li>\n\n\n\n<li>Mauro ARMATI (Saint Hilaire)<\/li>\n\n\n\n<li>Nathalie DESSEUX (Saint Pancrasse)<\/li>\n\n\n\n<li>Frank NICOLET (Saint Bernard)<\/li>\n\n\n\n<li>V\u00e9ronique FERNANDEZ (Saint Pancrasse)<\/li>\n\n\n\n<li>Nicolas BELIN (Saint Hilaire)<\/li>\n\n\n\n<li>Isabel GUTIERREZ (Saint Bernard)<\/li>\n\n\n\n<li>Thierry LAMBERT (Saint Bernard)<\/li>\n\n\n\n<li>Christel GEYNET-GRIS (Saint Pancrasse)<\/li>\n\n\n\n<li>Josselin BELLEVILLE (Saint Hilaire)<\/li>\n\n\n\n<li>Marie-Claire NASRAOUI ROUGIER (Saint Hilaire)<\/li>\n\n\n\n<li>Jean-Marie COURRIER (Saint Bernard)<\/li>\n\n\n\n<li>Marie-Anne CHABERT (Saint Hilaire)<\/li>\n\n\n\n<li>Lucien LEFEVRE (Saint Bernard)<\/li>\n\n\n\n<li>Agn\u00e8s POULLE MUIR (Saint Bernard)<\/li>\n\n\n\n<li>Florent BERTHET (Saint Bernard)<\/li>\n\n\n\n<li>Isabelle RUIN (Saint Hilaire)<\/li>\n<\/ol>\n\n\n\n<h2 class=\"wp-block-heading\"><a href=\"https:\/\/encommun.ovh\/?page_id=52\">La R\u00e9union Publique du 11 mars, Le Porte \u00e0 Porte et l&rsquo;ap\u00e9ro du 4 mars : Vos questions, nos r\u00e9ponses : Cliquez ici.<\/a><\/h2>\n\n\n\n<p>Vous nous avez sans doute rencontr\u00e9.es lors de notre passage chez vous, lors de l&rsquo;ap\u00e9ro \u00ab\u00a0En Commun\u00a0\u00bb du 4 mars ou \u00e0 la r\u00e9union publique du 11.<\/p>\n\n\n\n<p>Ces rencontres nous donnent une bonne id\u00e9e des pr\u00e9occupations des habitant.es auxquelles la prochaine municipalit\u00e9 devra r\u00e9pondre.<\/p>\n\n\n\n<p>Nous vous remercions pour vos retours, vos questionnements et vos suggestions qui repr\u00e9sentera une vraie base de travail si vous nous donnez votre confiance pour mettre en \u0153uvre ce programme qui se construit avec vous.<\/p>\n\n\n\n<h2 class=\"wp-block-heading\"><a href=\"https:\/\/encommun.ovh\/?page_id=167\">Cliquez ici pour visualiser le diapo de la r\u00e9union publique du 11 mars<\/a><\/h2>\n\n\n\n<p><\/p>\n","protected":false},"excerpt":{"rendered":"<p>Cliquez ici pour les vid\u00e9os de candidats \u00ab\u00a0en commun\u00a0\u00bb Cliquez ici pour d\u00e9couvrir les portraits des candidates et candidats. La R\u00e9union Publique du 11 mars, Le Porte \u00e0 Porte et l&rsquo;ap\u00e9ro du 4 mars : Vos questions, nos r\u00e9ponses : Cliquez ici. Vous nous avez sans doute rencontr\u00e9.es lors de notre passage chez vous, lors [&hellip;]<\/p>\n","protected":false},"author":1,"featured_media":0,"parent":0,"menu_order":0,"comment_status":"closed","ping_status":"closed","template":"","meta":{"footnotes":""},"class_list":["post-79","page","type-page","status-publish","hentry"],"yoast_head":"<!-- This site is optimized with the Yoast SEO plugin v27.1.1 - https:\/\/yoast.com\/product\/yoast-seo-wordpress\/ -->\n<title>\u00c9lection 2026 avec la liste \u00ab\u00a0En commun\u00a0\u00bb - En commun: Liste du Plateau des Petites Roches<\/title>\n<meta name=\"robots\" content=\"index, follow, max-snippet:-1, max-image-preview:large, max-video-preview:-1\" \/>\n<link rel=\"canonical\" href=\"https:\/\/encommun.ovh\/\" \/>\n<meta property=\"og:locale\" content=\"fr_FR\" \/>\n<meta property=\"og:type\" content=\"article\" \/>\n<meta property=\"og:title\" content=\"\u00c9lection 2026 avec la liste \u00ab\u00a0En commun\u00a0\u00bb - En commun: Liste du Plateau des Petites Roches\" \/>\n<meta property=\"og:description\" content=\"Cliquez ici pour les vid\u00e9os de candidats \u00ab\u00a0en commun\u00a0\u00bb Cliquez ici pour d\u00e9couvrir les portraits des candidates et candidats. La R\u00e9union Publique du 11 mars, Le Porte \u00e0 Porte et l&rsquo;ap\u00e9ro du 4 mars : Vos questions, nos r\u00e9ponses : Cliquez ici. Vous nous avez sans doute rencontr\u00e9.es lors de notre passage chez vous, lors [&hellip;]\" \/>\n<meta property=\"og:url\" content=\"https:\/\/encommun.ovh\/\" \/>\n<meta property=\"og:site_name\" content=\"En commun: Liste du Plateau des Petites Roches\" \/>\n<meta property=\"article:modified_time\" content=\"2026-03-17T19:05:53+00:00\" \/>\n<meta property=\"og:image\" content=\"https:\/\/encommun.ovh\/wp-content\/uploads\/2026\/03\/IMG-20260313-WA0003.jpg\" \/>\n\t<meta property=\"og:image:width\" content=\"1131\" \/>\n\t<meta property=\"og:image:height\" content=\"1600\" \/>\n\t<meta property=\"og:image:type\" content=\"image\/jpeg\" \/>\n<meta name=\"twitter:card\" content=\"summary_large_image\" \/>\n<meta name=\"twitter:label1\" content=\"Dur\u00e9e de lecture estim\u00e9e\" \/>\n\t<meta name=\"twitter:data1\" content=\"2 minutes\" \/>\n<script type=\"application\/ld+json\" class=\"yoast-schema-graph\">{\"@context\":\"https:\/\/schema.org\",\"@graph\":[{\"@type\":\"WebPage\",\"@id\":\"https:\/\/encommun.ovh\/\",\"url\":\"https:\/\/encommun.ovh\/\",\"name\":\"\u00c9lection 2026 avec la liste \u00ab\u00a0En commun\u00a0\u00bb - En commun: Liste du Plateau des Petites Roches\",\"isPartOf\":{\"@id\":\"https:\/\/encommun.ovh\/#website\"},\"primaryImageOfPage\":{\"@id\":\"https:\/\/encommun.ovh\/#primaryimage\"},\"image\":{\"@id\":\"https:\/\/encommun.ovh\/#primaryimage\"},\"thumbnailUrl\":\"https:\/\/encommun.ovh\/wp-content\/uploads\/2026\/03\/IMG-20260313-WA0003-724x1024.jpg\",\"datePublished\":\"2026-03-07T09:25:35+00:00\",\"dateModified\":\"2026-03-17T19:05:53+00:00\",\"breadcrumb\":{\"@id\":\"https:\/\/encommun.ovh\/#breadcrumb\"},\"inLanguage\":\"fr-FR\",\"potentialAction\":[{\"@type\":\"ReadAction\",\"target\":[\"https:\/\/encommun.ovh\/\"]}]},{\"@type\":\"ImageObject\",\"inLanguage\":\"fr-FR\",\"@id\":\"https:\/\/encommun.ovh\/#primaryimage\",\"url\":\"https:\/\/encommun.ovh\/wp-content\/uploads\/2026\/03\/IMG-20260313-WA0003.jpg\",\"contentUrl\":\"https:\/\/encommun.ovh\/wp-content\/uploads\/2026\/03\/IMG-20260313-WA0003.jpg\",\"width\":1131,\"height\":1600},{\"@type\":\"BreadcrumbList\",\"@id\":\"https:\/\/encommun.ovh\/#breadcrumb\",\"itemListElement\":[{\"@type\":\"ListItem\",\"position\":1,\"name\":\"Accueil\",\"item\":\"https:\/\/encommun.ovh\/\"},{\"@type\":\"ListItem\",\"position\":2,\"name\":\"\u00c9lection 2026 avec la liste \u00ab\u00a0En commun\u00a0\u00bb\"}]},{\"@type\":\"WebSite\",\"@id\":\"https:\/\/encommun.ovh\/#website\",\"url\":\"https:\/\/encommun.ovh\/\",\"name\":\"En commun: Liste du Plateau des Petites Roches\",\"description\":\"\",\"potentialAction\":[{\"@type\":\"SearchAction\",\"target\":{\"@type\":\"EntryPoint\",\"urlTemplate\":\"https:\/\/encommun.ovh\/?s={search_term_string}\"},\"query-input\":{\"@type\":\"PropertyValueSpecification\",\"valueRequired\":true,\"valueName\":\"search_term_string\"}}],\"inLanguage\":\"fr-FR\"}]}<\/script>\n<!-- \/ Yoast SEO plugin. -->","yoast_head_json":{"title":"\u00c9lection 2026 avec la liste \u00ab\u00a0En commun\u00a0\u00bb - En commun: Liste du Plateau des Petites Roches","robots":{"index":"index","follow":"follow","max-snippet":"max-snippet:-1","max-image-preview":"max-image-preview:large","max-video-preview":"max-video-preview:-1"},"canonical":"https:\/\/encommun.ovh\/","og_locale":"fr_FR","og_type":"article","og_title":"\u00c9lection 2026 avec la liste \u00ab\u00a0En commun\u00a0\u00bb - En commun: Liste du Plateau des Petites Roches","og_description":"Cliquez ici pour les vid\u00e9os de candidats \u00ab\u00a0en commun\u00a0\u00bb Cliquez ici pour d\u00e9couvrir les portraits des candidates et candidats. La R\u00e9union Publique du 11 mars, Le Porte \u00e0 Porte et l&rsquo;ap\u00e9ro du 4 mars : Vos questions, nos r\u00e9ponses : Cliquez ici. Vous nous avez sans doute rencontr\u00e9.es lors de notre passage chez vous, lors [&hellip;]","og_url":"https:\/\/encommun.ovh\/","og_site_name":"En commun: Liste du Plateau des Petites Roches","article_modified_time":"2026-03-17T19:05:53+00:00","og_image":[{"width":1131,"height":1600,"url":"https:\/\/encommun.ovh\/wp-content\/uploads\/2026\/03\/IMG-20260313-WA0003.jpg","type":"image\/jpeg"}],"twitter_card":"summary_large_image","twitter_misc":{"Dur\u00e9e de lecture estim\u00e9e":"2 minutes"},"schema":{"@context":"https:\/\/schema.org","@graph":[{"@type":"WebPage","@id":"https:\/\/encommun.ovh\/","url":"https:\/\/encommun.ovh\/","name":"\u00c9lection 2026 avec la liste \u00ab\u00a0En commun\u00a0\u00bb - En commun: Liste du Plateau des Petites Roches","isPartOf":{"@id":"https:\/\/encommun.ovh\/#website"},"primaryImageOfPage":{"@id":"https:\/\/encommun.ovh\/#primaryimage"},"image":{"@id":"https:\/\/encommun.ovh\/#primaryimage"},"thumbnailUrl":"https:\/\/encommun.ovh\/wp-content\/uploads\/2026\/03\/IMG-20260313-WA0003-724x1024.jpg","datePublished":"2026-03-07T09:25:35+00:00","dateModified":"2026-03-17T19:05:53+00:00","breadcrumb":{"@id":"https:\/\/encommun.ovh\/#breadcrumb"},"inLanguage":"fr-FR","potentialAction":[{"@type":"ReadAction","target":["https:\/\/encommun.ovh\/"]}]},{"@type":"ImageObject","inLanguage":"fr-FR","@id":"https:\/\/encommun.ovh\/#primaryimage","url":"https:\/\/encommun.ovh\/wp-content\/uploads\/2026\/03\/IMG-20260313-WA0003.jpg","contentUrl":"https:\/\/encommun.ovh\/wp-content\/uploads\/2026\/03\/IMG-20260313-WA0003.jpg","width":1131,"height":1600},{"@type":"BreadcrumbList","@id":"https:\/\/encommun.ovh\/#breadcrumb","itemListElement":[{"@type":"ListItem","position":1,"name":"Accueil","item":"https:\/\/encommun.ovh\/"},{"@type":"ListItem","position":2,"name":"\u00c9lection 2026 avec la liste \u00ab\u00a0En commun\u00a0\u00bb"}]},{"@type":"WebSite","@id":"https:\/\/encommun.ovh\/#website","url":"https:\/\/encommun.ovh\/","name":"En commun: Liste du Plateau des Petites Roches","description":"","potentialAction":[{"@type":"SearchAction","target":{"@type":"EntryPoint","urlTemplate":"https:\/\/encommun.ovh\/?s={search_term_string}"},"query-input":{"@type":"PropertyValueSpecification","valueRequired":true,"valueName":"search_term_string"}}],"inLanguage":"fr-FR"}]}},"_links":{"self":[{"href":"https:\/\/encommun.ovh\/index.php?rest_route=\/wp\/v2\/pages\/79","targetHints":{"allow":["GET"]}}],"collection":[{"href":"https:\/\/encommun.ovh\/index.php?rest_route=\/wp\/v2\/pages"}],"about":[{"href":"https:\/\/encommun.ovh\/index.php?rest_route=\/wp\/v2\/types\/page"}],"author":[{"embeddable":true,"href":"https:\/\/encommun.ovh\/index.php?rest_route=\/wp\/v2\/users\/1"}],"replies":[{"embeddable":true,"href":"https:\/\/encommun.ovh\/index.php?rest_route=%2Fwp%2Fv2%2Fcomments&post=79"}],"version-history":[{"count":29,"href":"https:\/\/encommun.ovh\/index.php?rest_route=\/wp\/v2\/pages\/79\/revisions"}],"predecessor-version":[{"id":206,"href":"https:\/\/encommun.ovh\/index.php?rest_route=\/wp\/v2\/pages\/79\/revisions\/206"}],"wp:attachment":[{"href":"https:\/\/encommun.ovh\/index.php?rest_route=%2Fwp%2Fv2%2Fmedia&parent=79"}],"curies":[{"name":"wp","href":"https:\/\/api.w.org\/{rel}","templated":true}]}}